{"id":25621,"date":"2025-03-06T15:51:22","date_gmt":"2025-03-06T14:51:22","guid":{"rendered":"https:\/\/verdnatura.es\/novelty\/kenties-dholanda-i-les-canaries\/"},"modified":"2025-03-07T16:24:48","modified_gmt":"2025-03-07T15:24:48","slug":"kenties-dholanda-i-les-canaries","status":"publish","type":"novelty","link":"https:\/\/verdnatura.es\/ca\/novelty\/kenties-dholanda-i-les-canaries\/","title":{"rendered":"K\u00e8nties d&#8217;Holanda i les Can\u00e0ries"},"content":{"rendered":"<div class=\"fusion-fullwidth fullwidth-box fusion-builder-row-1 fusion-flex-container nonhundred-percent-fullwidth non-hundred-percent-height-scrolling\" style=\"--awb-border-radius-top-left:0px;--awb-border-radius-top-right:0px;--awb-border-radius-bottom-right:0px;--awb-border-radius-bottom-left:0px;--awb-padding-right-small:0px;--awb-padding-left-small:0px;--awb-flex-wrap:wrap;\" ><div class=\"fusion-builder-row fusion-row fusion-flex-align-items-flex-start fusion-flex-content-wrap\" style=\"max-width:1352px;margin-left: calc(-4% \/ 2 );margin-right: calc(-4% \/ 2 );\"><div class=\"fusion-layout-column fusion_builder_column fusion-builder-column-0 fusion_builder_column_1_1 1_1 fusion-flex-column\" style=\"--awb-bg-blend:overlay;--awb-bg-size:cover;--awb-width-large:100%;--awb-margin-top-large:0px;--awb-spacing-right-large:1.92%;--awb-margin-bottom-large:0px;--awb-spacing-left-large:1.92%;--awb-width-medium:100%;--awb-spacing-right-medium:1.92%;--awb-spacing-left-medium:1.92%;--awb-width-small:100%;--awb-spacing-right-small:1.92%;--awb-spacing-left-small:1.92%;\"><div class=\"fusion-column-wrapper fusion-flex-justify-content-flex-start fusion-content-layout-column\"><div class=\"fusion-separator fusion-full-width-sep\" style=\"align-self: center;margin-left: auto;margin-right: auto;margin-top:20px;margin-bottom:20px;width:100%;\"><div class=\"fusion-separator-border sep-single sep-solid\" style=\"--awb-height:20px;--awb-amount:20px;--awb-sep-color:var(--awb-color5);border-color:var(--awb-color5);border-top-width:3px;\"><\/div><\/div><div class=\"fusion-text fusion-text-1\"><div class=\"flex max-w-full flex-col flex-grow\">\n<p>Diuen que no hi ha espai que no millori amb una kentia, i nosaltres ho sabem b\u00e9. Fa uns anys vam portar les primeres i, des de llavors, no han deixat de guanyar protagonisme. Avui fem un pas m\u00e9s: ampliem la nostra oferta de kenties amb exemplars excepcionals, procedents dels hivernacles m\u00e9s prestigiosos d&#8217;Holanda i les terres privilegiades de les Can\u00e0ries. Entre arrels cuidades al detall i fulles que semblen dibuixades a m\u00e0, aquestes noves incorporacions arriben per transformar qualsevol rac\u00f3 en un petit oasi. Continua llegint i descobreix per qu\u00e8 aquest cl\u00e0ssic verd torna amb m\u00e9s for\u00e7a que mai.   <\/p>\n<\/div>\n<\/div><div style=\"text-align:center;\"><a class=\"fusion-button button-flat fusion-button-default-size button-default fusion-button-default button-1 fusion-button-default-span fusion-button-default-type\" style=\"--button_margin-top:15px;--button_margin-bottom:25px;\" target=\"_blank\" rel=\"noopener noreferrer\" href=\"https:\/\/go.verdnatura.es\/shop-kentias-n\"><span class=\"fusion-button-text awb-button__text awb-button__text--default\">Comprar ara<\/span><\/a><\/div><div class=\"awb-gallery-wrapper awb-gallery-wrapper-1 button-span-no\" style=\"--more-btn-alignment:center;\" data-limit=\"4\" data-page=\"1\"><div style=\"margin:-2px;--awb-aspect-ratio:1 \/ 1;--awb-bordersize:0px;--awb-border-radius:7px;--awb-columns-medium:100%;--awb-columns-small:100%;\" class=\"fusion-gallery fusion-gallery-container fusion-grid-2 fusion-columns-total-6 fusion-gallery-layout-grid fusion-gallery-1 has-aspect-ratio\"><div style=\"padding:2.5px;\" class=\"fusion-grid-column fusion-gallery-column fusion-gallery-column-2 hover-type-none\"><div class=\"fusion-gallery-image\"><a href=\"https:\/\/verdnatura.es\/wp-content\/uploads\/2025\/02\/Kentia-en-interior-e1740729481969.webp\" rel=\"noreferrer\" data-rel=\"iLightbox[gallery_image_1]\" class=\"fusion-lightbox\" target=\"_self\"><img decoding=\"async\" src=\"data:image\/svg+xml,%3Csvg%20xmlns%3D%27http%3A%2F%2Fwww.w3.org%2F2000%2Fsvg%27%20width%3D%271496%27%20height%3D%271000%27%20viewBox%3D%270%200%201496%201000%27%3E%3Crect%20width%3D%271496%27%20height%3D%271000%27%20fill-opacity%3D%220%22%2F%3E%3C%2Fsvg%3E\" data-orig-src=\"https:\/\/verdnatura.es\/wp-content\/uploads\/2025\/02\/Kentia-en-interior-e1740729481969.webp\" width=\"7303\" height=\"4882\" alt=\"\" title=\"Kentia en interior\" aria-label=\"Kentia en interior\" class=\"lazyload img-responsive wp-image-24850\"  \/><\/a><\/div><\/div><div style=\"padding:2.5px;\" class=\"fusion-grid-column fusion-gallery-column fusion-gallery-column-2 hover-type-none\"><div class=\"fusion-gallery-image\"><a href=\"https:\/\/verdnatura.es\/wp-content\/uploads\/2025\/02\/Kentia-Hojas-Detalle-e1740730365366.webp\" rel=\"noreferrer\" data-rel=\"iLightbox[gallery_image_1]\" class=\"fusion-lightbox\" target=\"_self\"><img decoding=\"async\" src=\"data:image\/svg+xml,%3Csvg%20xmlns%3D%27http%3A%2F%2Fwww.w3.org%2F2000%2Fsvg%27%20width%3D%271500%27%20height%3D%271000%27%20viewBox%3D%270%200%201500%201000%27%3E%3Crect%20width%3D%271500%27%20height%3D%271000%27%20fill-opacity%3D%220%22%2F%3E%3C%2Fsvg%3E\" data-orig-src=\"https:\/\/verdnatura.es\/wp-content\/uploads\/2025\/02\/Kentia-Hojas-Detalle-e1740730365366.webp\" width=\"6000\" height=\"4000\" alt=\"\" title=\"Kentia Hojas Detalle\" aria-label=\"Kentia Hojas Detalle\" class=\"lazyload img-responsive wp-image-24779\"  \/><\/a><\/div><\/div><div class=\"clearfix\"><\/div><div style=\"padding:2.5px;\" class=\"fusion-grid-column fusion-gallery-column fusion-gallery-column-2 hover-type-none\"><div class=\"fusion-gallery-image\"><a href=\"https:\/\/verdnatura.es\/wp-content\/uploads\/2025\/02\/Maceta-con-kentia.webp\" rel=\"noreferrer\" data-rel=\"iLightbox[gallery_image_1]\" class=\"fusion-lightbox\" target=\"_self\"><img decoding=\"async\" src=\"https:\/\/verdnatura.es\/wp-content\/uploads\/2025\/02\/Maceta-con-kentia.webp\" data-orig-src=\"https:\/\/verdnatura.es\/wp-content\/uploads\/2025\/02\/Maceta-con-kentia.webp\" width=\"6000\" height=\"4000\" alt=\"\" title=\"Maceta con kentia\" aria-label=\"Maceta con kentia\" class=\"lazyload img-responsive wp-image-24791\" srcset=\"data:image\/svg+xml,%3Csvg%20xmlns%3D%27http%3A%2F%2Fwww.w3.org%2F2000%2Fsvg%27%20width%3D%276000%27%20height%3D%274000%27%20viewBox%3D%270%200%206000%204000%27%3E%3Crect%20width%3D%276000%27%20height%3D%274000%27%20fill-opacity%3D%220%22%2F%3E%3C%2Fsvg%3E\" data-srcset=\"https:\/\/verdnatura.es\/wp-content\/uploads\/2025\/02\/Maceta-con-kentia-200x133.webp 200w, https:\/\/verdnatura.es\/wp-content\/uploads\/2025\/02\/Maceta-con-kentia-400x267.webp 400w, https:\/\/verdnatura.es\/wp-content\/uploads\/2025\/02\/Maceta-con-kentia-600x400.webp 600w, https:\/\/verdnatura.es\/wp-content\/uploads\/2025\/02\/Maceta-con-kentia-800x533.webp 800w, https:\/\/verdnatura.es\/wp-content\/uploads\/2025\/02\/Maceta-con-kentia-1200x800.webp 1200w, https:\/\/verdnatura.es\/wp-content\/uploads\/2025\/02\/Maceta-con-kentia.webp 6000w\" data-sizes=\"auto\" data-orig-sizes=\"(min-width: 2200px) 100vw, (min-width: 712px) 649px, (min-width: 640px) 712px, \" \/><\/a><\/div><\/div><div style=\"padding:2.5px;\" class=\"fusion-grid-column fusion-gallery-column fusion-gallery-column-2 hover-type-none\"><div class=\"fusion-gallery-image\"><a href=\"https:\/\/verdnatura.es\/wp-content\/uploads\/2025\/02\/Kentia-Vertical-e1740729651271.webp\" rel=\"noreferrer\" data-rel=\"iLightbox[gallery_image_1]\" class=\"fusion-lightbox\" target=\"_self\"><img decoding=\"async\" src=\"data:image\/svg+xml,%3Csvg%20xmlns%3D%27http%3A%2F%2Fwww.w3.org%2F2000%2Fsvg%27%20width%3D%271000%27%20height%3D%271500%27%20viewBox%3D%270%200%201000%201500%27%3E%3Crect%20width%3D%271000%27%20height%3D%271500%27%20fill-opacity%3D%220%22%2F%3E%3C%2Fsvg%3E\" data-orig-src=\"https:\/\/verdnatura.es\/wp-content\/uploads\/2025\/02\/Kentia-Vertical-e1740729651271.webp\" width=\"4000\" height=\"6000\" alt=\"\" title=\"Kentia Vertical\" aria-label=\"Kentia Vertical\" class=\"lazyload img-responsive wp-image-24785\"  \/><\/a><\/div><\/div><div class=\"clearfix\"><\/div><div style=\"padding:2.5px;\" class=\"fusion-grid-column fusion-gallery-column fusion-gallery-column-2 hover-type-none awb-gallery-item-hidden\"><div class=\"fusion-gallery-image\"><a href=\"https:\/\/verdnatura.es\/wp-content\/uploads\/2025\/02\/Planta-de-kentia-Pequena.webp\" rel=\"noreferrer\" data-rel=\"iLightbox[gallery_image_1]\" class=\"fusion-lightbox\" target=\"_self\"><img decoding=\"async\" src=\"https:\/\/verdnatura.es\/wp-content\/uploads\/2025\/02\/Planta-de-kentia-Pequena.webp\" data-orig-src=\"https:\/\/verdnatura.es\/wp-content\/uploads\/2025\/02\/Planta-de-kentia-Pequena.webp\" width=\"4000\" height=\"6000\" alt=\"\" title=\"Planta de kentia Peque\u00f1a\" aria-label=\"Planta de kentia Peque\u00f1a\" class=\"lazyload img-responsive wp-image-24797\" srcset=\"data:image\/svg+xml,%3Csvg%20xmlns%3D%27http%3A%2F%2Fwww.w3.org%2F2000%2Fsvg%27%20width%3D%274000%27%20height%3D%276000%27%20viewBox%3D%270%200%204000%206000%27%3E%3Crect%20width%3D%274000%27%20height%3D%276000%27%20fill-opacity%3D%220%22%2F%3E%3C%2Fsvg%3E\" data-srcset=\"https:\/\/verdnatura.es\/wp-content\/uploads\/2025\/02\/Planta-de-kentia-Pequena-200x300.webp 200w, https:\/\/verdnatura.es\/wp-content\/uploads\/2025\/02\/Planta-de-kentia-Pequena-400x600.webp 400w, https:\/\/verdnatura.es\/wp-content\/uploads\/2025\/02\/Planta-de-kentia-Pequena-600x900.webp 600w, https:\/\/verdnatura.es\/wp-content\/uploads\/2025\/02\/Planta-de-kentia-Pequena-800x1200.webp 800w, https:\/\/verdnatura.es\/wp-content\/uploads\/2025\/02\/Planta-de-kentia-Pequena-1200x1800.webp 1200w, https:\/\/verdnatura.es\/wp-content\/uploads\/2025\/02\/Planta-de-kentia-Pequena.webp 4000w\" data-sizes=\"auto\" data-orig-sizes=\"(min-width: 2200px) 100vw, (min-width: 712px) 649px, (min-width: 640px) 712px, \" \/><\/a><\/div><\/div><div style=\"padding:2.5px;\" class=\"fusion-grid-column fusion-gallery-column fusion-gallery-column-2 hover-type-none awb-gallery-item-hidden\"><div class=\"fusion-gallery-image\"><a href=\"https:\/\/verdnatura.es\/wp-content\/uploads\/2025\/02\/Kentia-al-Por-Mayor.webp\" rel=\"noreferrer\" data-rel=\"iLightbox[gallery_image_1]\" class=\"fusion-lightbox\" target=\"_self\"><img decoding=\"async\" src=\"https:\/\/verdnatura.es\/wp-content\/uploads\/2025\/02\/Kentia-al-Por-Mayor.webp\" data-orig-src=\"https:\/\/verdnatura.es\/wp-content\/uploads\/2025\/02\/Kentia-al-Por-Mayor.webp\" width=\"4872\" height=\"3248\" alt=\"\" title=\"Kentia al Por Mayor\" aria-label=\"Kentia al Por Mayor\" class=\"lazyload img-responsive wp-image-24773\" srcset=\"data:image\/svg+xml,%3Csvg%20xmlns%3D%27http%3A%2F%2Fwww.w3.org%2F2000%2Fsvg%27%20width%3D%274872%27%20height%3D%273248%27%20viewBox%3D%270%200%204872%203248%27%3E%3Crect%20width%3D%274872%27%20height%3D%273248%27%20fill-opacity%3D%220%22%2F%3E%3C%2Fsvg%3E\" data-srcset=\"https:\/\/verdnatura.es\/wp-content\/uploads\/2025\/02\/Kentia-al-Por-Mayor-200x133.webp 200w, https:\/\/verdnatura.es\/wp-content\/uploads\/2025\/02\/Kentia-al-Por-Mayor-400x267.webp 400w, https:\/\/verdnatura.es\/wp-content\/uploads\/2025\/02\/Kentia-al-Por-Mayor-600x400.webp 600w, https:\/\/verdnatura.es\/wp-content\/uploads\/2025\/02\/Kentia-al-Por-Mayor-800x533.webp 800w, https:\/\/verdnatura.es\/wp-content\/uploads\/2025\/02\/Kentia-al-Por-Mayor-1200x800.webp 1200w, https:\/\/verdnatura.es\/wp-content\/uploads\/2025\/02\/Kentia-al-Por-Mayor.webp 4872w\" data-sizes=\"auto\" data-orig-sizes=\"(min-width: 2200px) 100vw, (min-width: 712px) 649px, (min-width: 640px) 712px, \" \/><\/a><\/div><\/div><div class=\"clearfix\"><\/div><\/div><div class=\"fusion-loading-container fusion-clearfix awb-gallery-posts-loading-container\">\n\t\t\t\t<div class=\"fusion-loading-spinner\">\n\t\t\t\t\t<div class=\"fusion-spinner-1\"><\/div>\n\t\t\t\t\t<div class=\"fusion-spinner-2\"><\/div>\n\t\t\t\t\t<div class=\"fusion-spinner-3\"><\/div>\n\t\t\t\t<\/div><div class=\"fusion-loading-msg\"><em>Loading the next set of gallery items...<\/em><\/div><\/div><div class=\"awb-gallery-buttons\"><a href=\"#\" class=\"fusion-button button-flat button-default fusion-button-default-size awb-gallery-load-more-btn\">Load More<\/a><\/div><\/div><div class=\"fusion-separator fusion-full-width-sep\" style=\"align-self: center;margin-left: auto;margin-right: auto;margin-top:40px;margin-bottom:20px;width:100%;\"><div class=\"fusion-separator-border sep-single sep-solid\" style=\"--awb-height:20px;--awb-amount:20px;--awb-sep-color:var(--awb-color5);border-color:var(--awb-color5);border-top-width:3px;\"><\/div><\/div><div class=\"fusion-text fusion-text-2 fusion-text-no-margin\" style=\"--awb-margin-bottom:20px;\"><h2><strong>Qu\u00e8 les fa \u00faniques?<\/strong><\/h2>\n<\/div><div class=\"fusion-text fusion-text-3\"><p>Les <strong>kenties d&#8217;Holanda<\/strong> s\u00f3n sin\u00f2nim de precisi\u00f3 i eleg\u00e0ncia. Cultivades en hivernacles altament especialitzats, creixen en un entorn perfectament controlat, fet que es tradueix en plantes de<strong> l\u00ednies impecables: fulles uniformes, un verd intens i un port equilibrat<\/strong> que les converteix en l&#8217;opci\u00f3 favorita per a projectes on l&#8217;est\u00e8tica minimalista i cuidada \u00e9s clau. S\u00f3n ideals per a interiors sofisticats que busquen un acabat polit i harmoni\u00f3s, amb plantes que semblen sortides d&#8217;un cat\u00e0leg de disseny.  <\/p>\n<p>D&#8217;altra banda, les <strong>kenties de Can\u00e0ria<\/strong> s&#8217;ofereixen una bellesa diferent, i s\u00f3n m\u00e9s <strong>aut\u00e8ntiques i resistents<\/strong> . Criades sota el clima privilegiat de les illes, acostumades als vents suaus, la humitat variable i la for\u00e7a del sol atl\u00e0ntic, desenvolupen una fortalesa natural que les fa especialment duradores i adaptables. Suporten millor els canvis de temperatura, les variacions de llum i fins i tot els petits oblits en el reg, cosa que les converteix en una opci\u00f3 perfecta per als que busquen una planta robusta, de car\u00e0cter m\u00e9s salvatge i menys exigent en manteniment, per\u00f2 igual d&#8217;impressionant.<\/p>\n<\/div><div class=\"fusion-separator fusion-full-width-sep\" style=\"align-self: center;margin-left: auto;margin-right: auto;margin-top:40px;margin-bottom:20px;width:100%;\"><div class=\"fusion-separator-border sep-single sep-solid\" style=\"--awb-height:20px;--awb-amount:20px;--awb-sep-color:var(--awb-color5);border-color:var(--awb-color5);border-top-width:3px;\"><\/div><\/div><div class=\"fusion-text fusion-text-4 fusion-text-no-margin\" style=\"--awb-margin-bottom:20px;\"><h2><strong>Ja estan disponibles!<\/strong><\/h2>\n<\/div><div class=\"fusion-text fusion-text-5\"><p>Ja pots trobar aquestes noves <strong>kenties <\/strong>a la nostra selecci\u00f3, a punt per portar aquest aire fresc i sofisticat all\u00e0 on ho necessitis. Escull entre l&#8217;eleg\u00e0ncia precisa d&#8217;Holanda o la resist\u00e8ncia natural de les Can\u00e0ries i converteix qualsevol espai en un refugi verd a l&#8217;al\u00e7ada dels teus projectes. No esperis que t&#8217;ho expliquin: explora la botiga, descobreix cada detall i fes la teva comanda avui mateix. <strong>La difer\u00e8ncia es nota, i nom\u00e9s hi ha un clic . \ud83c\udf3f \ud83d\uded2<\/strong><\/p>\n<\/div><div class=\"fusion-builder-row fusion-builder-row-inner fusion-row fusion-flex-align-items-flex-start fusion-flex-content-wrap\" style=\"--awb-flex-grow:0;--awb-flex-grow-medium:0;--awb-flex-grow-small:0;--awb-flex-shrink:0;--awb-flex-shrink-medium:0;--awb-flex-shrink-small:0;width:104% !important;max-width:104% !important;margin-left: calc(-4% \/ 2 );margin-right: calc(-4% \/ 2 );\"><div class=\"fusion-layout-column fusion_builder_column_inner fusion-builder-nested-column-0 fusion_builder_column_inner_1_2 1_2 fusion-flex-column\" style=\"--awb-bg-size:cover;--awb-width-large:50%;--awb-margin-top-large:20px;--awb-spacing-right-large:3.84%;--awb-margin-bottom-large:0px;--awb-spacing-left-large:3.84%;--awb-width-medium:100%;--awb-order-medium:0;--awb-spacing-right-medium:1.92%;--awb-spacing-left-medium:1.92%;--awb-width-small:100%;--awb-order-small:0;--awb-spacing-right-small:1.92%;--awb-spacing-left-small:1.92%;\" data-scroll-devices=\"small-visibility,medium-visibility,large-visibility\"><div class=\"fusion-column-wrapper fusion-column-has-shadow fusion-flex-justify-content-flex-start fusion-content-layout-column\"><div style=\"text-align:center;\"><a class=\"fusion-button button-flat fusion-button-default-size button-default fusion-button-default button-2 fusion-button-span-yes fusion-button-default-type\" target=\"_blank\" rel=\"noopener noreferrer\" href=\"https:\/\/go.verdnatura.es\/shop-kentias-n\"><span class=\"fusion-button-text awb-button__text awb-button__text--default\">Comprar kenties<\/span><\/a><\/div><\/div><\/div><div class=\"fusion-layout-column fusion_builder_column_inner fusion-builder-nested-column-1 fusion_builder_column_inner_1_2 1_2 fusion-flex-column\" style=\"--awb-bg-size:cover;--awb-width-large:50%;--awb-margin-top-large:20px;--awb-spacing-right-large:3.84%;--awb-margin-bottom-large:0px;--awb-spacing-left-large:3.84%;--awb-width-medium:100%;--awb-order-medium:0;--awb-spacing-right-medium:1.92%;--awb-spacing-left-medium:1.92%;--awb-width-small:100%;--awb-order-small:0;--awb-spacing-right-small:1.92%;--awb-spacing-left-small:1.92%;\" data-scroll-devices=\"small-visibility,medium-visibility,large-visibility\"><div class=\"fusion-column-wrapper fusion-column-has-shadow fusion-flex-justify-content-flex-start fusion-content-layout-column\"><div style=\"text-align:center;\"><a class=\"fusion-button button-flat fusion-button-default-size button-default fusion-button-default button-3 fusion-button-span-yes fusion-button-default-type\" target=\"_blank\" rel=\"noopener noreferrer\" title=\" go.verdnatura.es\/palmaceas-novedades\" aria-label=\" go.verdnatura.es\/palmaceas-novedades\" href=\"https:\/\/go.verdnatura.es\/palmaceas-novedades\"><span class=\"fusion-button-text awb-button__text awb-button__text--default\">Fam\u00edlia Palm\u00e0cies<\/span><\/a><\/div><\/div><\/div><\/div><\/div><\/div><\/div><\/div>\n","protected":false},"featured_media":0,"template":"","meta":{"_acf_changed":false},"class_list":["post-25621","novelty","type-novelty","status-publish","hentry"],"acf":[],"yoast_head":"<!-- This site is optimized with the Yoast SEO plugin v27.1.1 - https:\/\/yoast.com\/product\/yoast-seo-wordpress\/ -->\n<title>K\u00e8nties d&#039;Holanda i les Can\u00e0ries - Verdnatura<\/title>\n<meta name=\"robots\" content=\"index, follow, max-snippet:-1, max-image-preview:large, max-video-preview:-1\" \/>\n<link rel=\"canonical\" href=\"https:\/\/verdnatura.es\/ca\/novelty\/kenties-dholanda-i-les-canaries\/\" \/>\n<meta property=\"og:locale\" content=\"ca_ES\" \/>\n<meta property=\"og:type\" content=\"article\" \/>\n<meta property=\"og:title\" content=\"K\u00e8nties d&#039;Holanda i les Can\u00e0ries - Verdnatura\" \/>\n<meta property=\"og:url\" content=\"https:\/\/verdnatura.es\/ca\/novelty\/kenties-dholanda-i-les-canaries\/\" \/>\n<meta property=\"og:site_name\" content=\"Verdnatura\" \/>\n<meta property=\"article:publisher\" content=\"http:\/\/www.facebook.com\/verdnatura\" \/>\n<meta property=\"article:modified_time\" content=\"2025-03-07T15:24:48+00:00\" \/>\n<meta name=\"twitter:card\" content=\"summary_large_image\" \/>\n<meta name=\"twitter:label1\" content=\"Temps estimat de lectura\" \/>\n\t<meta name=\"twitter:data1\" content=\"13 minuts\" \/>\n<script type=\"application\/ld+json\" class=\"yoast-schema-graph\">{\"@context\":\"https:\/\/schema.org\",\"@graph\":[{\"@type\":\"WebPage\",\"@id\":\"https:\/\/verdnatura.es\/ca\/novelty\/kenties-dholanda-i-les-canaries\/\",\"url\":\"https:\/\/verdnatura.es\/ca\/novelty\/kenties-dholanda-i-les-canaries\/\",\"name\":\"K\u00e8nties d'Holanda i les Can\u00e0ries - Verdnatura\",\"isPartOf\":{\"@id\":\"https:\/\/verdnatura.es\/ca\/#website\"},\"datePublished\":\"2025-03-06T14:51:22+00:00\",\"dateModified\":\"2025-03-07T15:24:48+00:00\",\"breadcrumb\":{\"@id\":\"https:\/\/verdnatura.es\/ca\/novelty\/kenties-dholanda-i-les-canaries\/#breadcrumb\"},\"inLanguage\":\"ca\",\"potentialAction\":[{\"@type\":\"ReadAction\",\"target\":[\"https:\/\/verdnatura.es\/ca\/novelty\/kenties-dholanda-i-les-canaries\/\"]}]},{\"@type\":\"BreadcrumbList\",\"@id\":\"https:\/\/verdnatura.es\/ca\/novelty\/kenties-dholanda-i-les-canaries\/#breadcrumb\",\"itemListElement\":[{\"@type\":\"ListItem\",\"position\":1,\"name\":\"Portada\",\"item\":\"https:\/\/verdnatura.es\/ca\/\"},{\"@type\":\"ListItem\",\"position\":2,\"name\":\"Novedades\",\"item\":\"https:\/\/verdnatura.es\/ca\/novelties\/\"},{\"@type\":\"ListItem\",\"position\":3,\"name\":\"K\u00e8nties d&#8217;Holanda i les Can\u00e0ries\"}]},{\"@type\":\"WebSite\",\"@id\":\"https:\/\/verdnatura.es\/ca\/#website\",\"url\":\"https:\/\/verdnatura.es\/ca\/\",\"name\":\"Verdnatura\",\"description\":\"Mayorista de flores y plantas\",\"publisher\":{\"@id\":\"https:\/\/verdnatura.es\/ca\/#organization\"},\"potentialAction\":[{\"@type\":\"SearchAction\",\"target\":{\"@type\":\"EntryPoint\",\"urlTemplate\":\"https:\/\/verdnatura.es\/ca\/?s={search_term_string}\"},\"query-input\":{\"@type\":\"PropertyValueSpecification\",\"valueRequired\":true,\"valueName\":\"search_term_string\"}}],\"inLanguage\":\"ca\"},{\"@type\":\"Organization\",\"@id\":\"https:\/\/verdnatura.es\/ca\/#organization\",\"name\":\"Verdnatura Levante SL\",\"url\":\"https:\/\/verdnatura.es\/ca\/\",\"logo\":{\"@type\":\"ImageObject\",\"inLanguage\":\"ca\",\"@id\":\"https:\/\/verdnatura.es\/ca\/#\/schema\/logo\/image\/\",\"url\":\"https:\/\/verdnatura.es\/wp-content\/uploads\/2023\/12\/Marca-sin-fondo.png\",\"contentUrl\":\"https:\/\/verdnatura.es\/wp-content\/uploads\/2023\/12\/Marca-sin-fondo.png\",\"width\":1000,\"height\":630,\"caption\":\"Verdnatura Levante SL\"},\"image\":{\"@id\":\"https:\/\/verdnatura.es\/ca\/#\/schema\/logo\/image\/\"},\"sameAs\":[\"http:\/\/www.facebook.com\/verdnatura\",\"https:\/\/www.instagram.com\/verdnatura\",\"https:\/\/www.linkedin.com\/company\/verdnatura\"]}]}<\/script>\n<!-- \/ Yoast SEO plugin. -->","yoast_head_json":{"title":"K\u00e8nties d'Holanda i les Can\u00e0ries - Verdnatura","robots":{"index":"index","follow":"follow","max-snippet":"max-snippet:-1","max-image-preview":"max-image-preview:large","max-video-preview":"max-video-preview:-1"},"canonical":"https:\/\/verdnatura.es\/ca\/novelty\/kenties-dholanda-i-les-canaries\/","og_locale":"ca_ES","og_type":"article","og_title":"K\u00e8nties d'Holanda i les Can\u00e0ries - Verdnatura","og_url":"https:\/\/verdnatura.es\/ca\/novelty\/kenties-dholanda-i-les-canaries\/","og_site_name":"Verdnatura","article_publisher":"http:\/\/www.facebook.com\/verdnatura","article_modified_time":"2025-03-07T15:24:48+00:00","twitter_card":"summary_large_image","twitter_misc":{"Temps estimat de lectura":"13 minuts"},"schema":{"@context":"https:\/\/schema.org","@graph":[{"@type":"WebPage","@id":"https:\/\/verdnatura.es\/ca\/novelty\/kenties-dholanda-i-les-canaries\/","url":"https:\/\/verdnatura.es\/ca\/novelty\/kenties-dholanda-i-les-canaries\/","name":"K\u00e8nties d'Holanda i les Can\u00e0ries - Verdnatura","isPartOf":{"@id":"https:\/\/verdnatura.es\/ca\/#website"},"datePublished":"2025-03-06T14:51:22+00:00","dateModified":"2025-03-07T15:24:48+00:00","breadcrumb":{"@id":"https:\/\/verdnatura.es\/ca\/novelty\/kenties-dholanda-i-les-canaries\/#breadcrumb"},"inLanguage":"ca","potentialAction":[{"@type":"ReadAction","target":["https:\/\/verdnatura.es\/ca\/novelty\/kenties-dholanda-i-les-canaries\/"]}]},{"@type":"BreadcrumbList","@id":"https:\/\/verdnatura.es\/ca\/novelty\/kenties-dholanda-i-les-canaries\/#breadcrumb","itemListElement":[{"@type":"ListItem","position":1,"name":"Portada","item":"https:\/\/verdnatura.es\/ca\/"},{"@type":"ListItem","position":2,"name":"Novedades","item":"https:\/\/verdnatura.es\/ca\/novelties\/"},{"@type":"ListItem","position":3,"name":"K\u00e8nties d&#8217;Holanda i les Can\u00e0ries"}]},{"@type":"WebSite","@id":"https:\/\/verdnatura.es\/ca\/#website","url":"https:\/\/verdnatura.es\/ca\/","name":"Verdnatura","description":"Mayorista de flores y plantas","publisher":{"@id":"https:\/\/verdnatura.es\/ca\/#organization"},"potentialAction":[{"@type":"SearchAction","target":{"@type":"EntryPoint","urlTemplate":"https:\/\/verdnatura.es\/ca\/?s={search_term_string}"},"query-input":{"@type":"PropertyValueSpecification","valueRequired":true,"valueName":"search_term_string"}}],"inLanguage":"ca"},{"@type":"Organization","@id":"https:\/\/verdnatura.es\/ca\/#organization","name":"Verdnatura Levante SL","url":"https:\/\/verdnatura.es\/ca\/","logo":{"@type":"ImageObject","inLanguage":"ca","@id":"https:\/\/verdnatura.es\/ca\/#\/schema\/logo\/image\/","url":"https:\/\/verdnatura.es\/wp-content\/uploads\/2023\/12\/Marca-sin-fondo.png","contentUrl":"https:\/\/verdnatura.es\/wp-content\/uploads\/2023\/12\/Marca-sin-fondo.png","width":1000,"height":630,"caption":"Verdnatura Levante SL"},"image":{"@id":"https:\/\/verdnatura.es\/ca\/#\/schema\/logo\/image\/"},"sameAs":["http:\/\/www.facebook.com\/verdnatura","https:\/\/www.instagram.com\/verdnatura","https:\/\/www.linkedin.com\/company\/verdnatura"]}]}},"_links":{"self":[{"href":"https:\/\/verdnatura.es\/ca\/wp-json\/wp\/v2\/novelty\/25621","targetHints":{"allow":["GET"]}}],"collection":[{"href":"https:\/\/verdnatura.es\/ca\/wp-json\/wp\/v2\/novelty"}],"about":[{"href":"https:\/\/verdnatura.es\/ca\/wp-json\/wp\/v2\/types\/novelty"}],"wp:attachment":[{"href":"https:\/\/verdnatura.es\/ca\/wp-json\/wp\/v2\/media?parent=25621"}],"curies":[{"name":"wp","href":"https:\/\/api.w.org\/{rel}","templated":true}]}}