{"id":29715,"date":"2025-04-09T17:05:38","date_gmt":"2025-04-09T15:05:38","guid":{"rendered":"https:\/\/verdnatura.es\/novelty\/nous-avancons-la-saison-des-pivoines\/"},"modified":"2025-04-11T11:09:58","modified_gmt":"2025-04-11T09:09:58","slug":"nous-avancons-la-saison-des-pivoines","status":"publish","type":"novelty","link":"https:\/\/verdnatura.es\/fr\/novelty\/nous-avancons-la-saison-des-pivoines\/","title":{"rendered":"Nous Avan\u00e7ons la Saison des Pivoines !"},"content":{"rendered":"<p><div class=\"fusion-fullwidth fullwidth-box fusion-builder-row-1 fusion-flex-container nonhundred-percent-fullwidth non-hundred-percent-height-scrolling\" style=\"--awb-border-radius-top-left:0px;--awb-border-radius-top-right:0px;--awb-border-radius-bottom-right:0px;--awb-border-radius-bottom-left:0px;--awb-padding-right:0px;--awb-padding-left:0px;--awb-padding-right-small:0px;--awb-padding-left-small:0px;--awb-flex-wrap:wrap;\" ><div class=\"fusion-builder-row fusion-row fusion-flex-align-items-stretch fusion-flex-content-wrap\" style=\"max-width:1352px;margin-left: calc(-4% \/ 2 );margin-right: calc(-4% \/ 2 );\"><div class=\"fusion-layout-column fusion_builder_column fusion-builder-column-0 fusion_builder_column_1_1 1_1 fusion-flex-column\" style=\"--awb-bg-blend:overlay;--awb-bg-size:cover;--awb-width-large:100%;--awb-margin-top-large:0px;--awb-spacing-right-large:1.92%;--awb-margin-bottom-large:0px;--awb-spacing-left-large:1.92%;--awb-width-medium:100%;--awb-spacing-right-medium:1.92%;--awb-spacing-left-medium:1.92%;--awb-width-small:100%;--awb-spacing-right-small:1.92%;--awb-spacing-left-small:1.92%;\"><div class=\"fusion-column-wrapper fusion-flex-justify-content-flex-start fusion-content-layout-column\"><div class=\"fusion-separator fusion-full-width-sep\" style=\"align-self: center;margin-left: auto;margin-right: auto;margin-top:20px;margin-bottom:20px;width:100%;\"><div class=\"fusion-separator-border sep-single sep-solid\" style=\"--awb-height:20px;--awb-amount:20px;--awb-sep-color:var(--awb-color5);border-color:var(--awb-color5);border-top-width:3px;\"><\/div><\/div><div class=\"fusion-text fusion-text-1\"><p class=\"\" data-start=\"307\" data-end=\"580\"><span style=\"letter-spacing: 0.225px; background-color: rgba(0, 0, 0, 0);\">\ud83c\udf38 <\/span><b>Les Pivoines Arrivent en Avance Cette Ann\u00e9e et Vous Pouvez \u00catre Parmi les Premiers \u00e0 en Profiter<\/b> <span style=\"letter-spacing: 0.225px; background-color: rgba(0, 0, 0, 0);\">\ud83c\udf38<\/span><\/p>\n<p class=\"\" data-start=\"307\" data-end=\"580\"><span style=\"letter-spacing: 0.225px; background-color: rgba(0, 0, 0, 0);\">Cette ann\u00e9e, nous avons rompu avec le calendrier habituel et <\/span><strong style=\"letter-spacing: 0.225px; background-color: rgba(0, 0, 0, 0);\" data-start=\"356\" data-end=\"400\">avons avanc\u00e9 la saison des pivoines.<\/strong><span style=\"letter-spacing: 0.225px; background-color: rgba(0, 0, 0, 0);\">. Pourquoi ? Parce que nous avons obtenu un acc\u00e8s anticip\u00e9 \u00e0 certaines des premi\u00e8res r\u00e9coltes de la saison en France \u2014 l\u00e0 o\u00f9 naissent certaines des <\/span><strong style=\"letter-spacing: 0.225px; background-color: rgba(0, 0, 0, 0);\" data-start=\"478\" data-end=\"524\">pivoines les plus pris\u00e9es au monde.<\/strong><\/p>\n<p class=\"\" data-start=\"582\" data-end=\"602\">Mais ce n\u2019est pas tout.<\/p>\n<p class=\"\" data-start=\"604\" data-end=\"822\">Nous savons que les prix baissent en pleine saison\u2026 <strong data-start=\"661\" data-end=\"708\">c\u2019est pourquoi nous avons \u00e9galement anticip\u00e9 cela<\/strong> : \u00e0 partir de cette semaine, vous pouvez les obtenir \u00e0 un <em data-start=\"745\" data-end=\"761\">prix bien plus bas<\/em>. Ainsi, vous en profitez avant tout le monde.<\/p>\n<p class=\"\" data-start=\"824\" data-end=\"1073\"><span style=\"letter-spacing: 0.225px; background-color: rgba(0, 0, 0, 0);\">Et le meilleur : elles <b>ne peuvent pas \u00eatre plus fra\u00eeches<\/b>. <\/span><span style=\"letter-spacing: 0.225px; background-color: rgba(0, 0, 0, 0);\">Gr\u00e2ce \u00e0 la proximit\u00e9 de notre entrep\u00f4t, nous les recevons en chambre froide en un temps record, ce qui <\/span><span style=\"letter-spacing: 0.225px; background-color: rgba(0, 0, 0, 0);\">leur permet de conserver tout leur ar\u00f4me, leur couleur et leur fra\u00eecheur<\/span><span style=\"letter-spacing: 0.225px; background-color: rgba(0, 0, 0, 0);\">.<\/span><\/p>\n<p class=\"\" data-start=\"824\" data-end=\"1073\"><strong style=\"letter-spacing: 0.225px; background-color: rgba(0, 0, 0, 0);\" data-start=\"999\" data-end=\"1073\">Des pivoines pratiquement fra\u00eechement coup\u00e9es, directement du champ \u00e0 vos mains.<\/strong><\/p>\n<\/div><div style=\"text-align:center;\"><a class=\"fusion-button button-flat fusion-button-default-size button-default fusion-button-default button-1 fusion-button-default-span fusion-button-default-type\" style=\"--button_margin-top:20px;--button_margin-bottom:20px;\" target=\"_blank\" rel=\"noopener noreferrer\" href=\"https:\/\/go.verdnatura.es\/peony-n\"><span class=\"fusion-button-text awb-button__text awb-button__text--default\">Voir Pivoines<\/span><\/a><\/div><div class=\"fusion-image-element \" style=\"--awb-margin-top:20px;--awb-margin-bottom:40px;--awb-caption-title-font-family:var(--h2_typography-font-family);--awb-caption-title-font-weight:var(--h2_typography-font-weight);--awb-caption-title-font-style:var(--h2_typography-font-style);--awb-caption-title-size:var(--h2_typography-font-size);--awb-caption-title-transform:var(--h2_typography-text-transform);--awb-caption-title-line-height:var(--h2_typography-line-height);--awb-caption-title-letter-spacing:var(--h2_typography-letter-spacing);\"><span class=\" fusion-imageframe imageframe-none imageframe-1 hover-type-none\" style=\"border-radius:7px;\"><img decoding=\"async\" width=\"1500\" height=\"1000\" title=\"Peonias en almac\u00e9n\" src=\"https:\/\/verdnatura.es\/wp-content\/uploads\/2025\/04\/Peonias-en-almacen.webp\" data-orig-src=\"https:\/\/verdnatura.es\/wp-content\/uploads\/2025\/04\/Peonias-en-almacen.webp\" alt class=\"lazyload img-responsive wp-image-29822\" srcset=\"data:image\/svg+xml,%3Csvg%20xmlns%3D%27http%3A%2F%2Fwww.w3.org%2F2000%2Fsvg%27%20width%3D%271500%27%20height%3D%271000%27%20viewBox%3D%270%200%201500%201000%27%3E%3Crect%20width%3D%271500%27%20height%3D%271000%27%20fill-opacity%3D%220%22%2F%3E%3C%2Fsvg%3E\" data-srcset=\"https:\/\/verdnatura.es\/wp-content\/uploads\/2025\/04\/Peonias-en-almacen-200x133.webp 200w, https:\/\/verdnatura.es\/wp-content\/uploads\/2025\/04\/Peonias-en-almacen-400x267.webp 400w, https:\/\/verdnatura.es\/wp-content\/uploads\/2025\/04\/Peonias-en-almacen-600x400.webp 600w, https:\/\/verdnatura.es\/wp-content\/uploads\/2025\/04\/Peonias-en-almacen-800x533.webp 800w, https:\/\/verdnatura.es\/wp-content\/uploads\/2025\/04\/Peonias-en-almacen-1200x800.webp 1200w, https:\/\/verdnatura.es\/wp-content\/uploads\/2025\/04\/Peonias-en-almacen.webp 1500w\" data-sizes=\"auto\" data-orig-sizes=\"(max-width: 1024px) 100vw, (max-width: 640px) 100vw, 1500px\" \/><\/span><\/div><div class=\"fusion-text fusion-text-2\"><h2 class=\"text-3xl font-bold mb-6 text-center verdnatura-green\">Disponibilit\u00e9 des Pivoines Tout au Long de l\u2019Ann\u00e9e<\/h2>\n<\/div><div class=\"fusion-text fusion-text-3\"><p class=\"text-lg text-gray-600 mb-10 text-center max-w-4xl mx-auto\">Les pivoines ont un cycle de disponibilit\u00e9 tr\u00e8s marqu\u00e9 au cours de l\u2019ann\u00e9e. Avec Verdnatura, nous avan\u00e7ons cette disponibilit\u00e9 pour donner un avantage \u00e0 votre entreprise.<\/p>\n<\/div><div class=\"fusion-image-element \" style=\"--awb-caption-title-font-family:var(--h2_typography-font-family);--awb-caption-title-font-weight:var(--h2_typography-font-weight);--awb-caption-title-font-style:var(--h2_typography-font-style);--awb-caption-title-size:var(--h2_typography-font-size);--awb-caption-title-transform:var(--h2_typography-text-transform);--awb-caption-title-line-height:var(--h2_typography-line-height);--awb-caption-title-letter-spacing:var(--h2_typography-letter-spacing);\"><span class=\" fusion-imageframe imageframe-none imageframe-2 hover-type-none\" style=\"border-radius:7px;\"><img decoding=\"async\" width=\"1183\" height=\"338\" title=\"Gr\u00e1fico peonias (1)\" src=\"https:\/\/verdnatura.es\/wp-content\/uploads\/2025\/04\/Grafico-peonias-1.webp\" data-orig-src=\"https:\/\/verdnatura.es\/wp-content\/uploads\/2025\/04\/Grafico-peonias-1.webp\" alt class=\"lazyload img-responsive wp-image-29364\" srcset=\"data:image\/svg+xml,%3Csvg%20xmlns%3D%27http%3A%2F%2Fwww.w3.org%2F2000%2Fsvg%27%20width%3D%271183%27%20height%3D%27338%27%20viewBox%3D%270%200%201183%20338%27%3E%3Crect%20width%3D%271183%27%20height%3D%27338%27%20fill-opacity%3D%220%22%2F%3E%3C%2Fsvg%3E\" data-srcset=\"https:\/\/verdnatura.es\/wp-content\/uploads\/2025\/04\/Grafico-peonias-1-200x57.webp 200w, https:\/\/verdnatura.es\/wp-content\/uploads\/2025\/04\/Grafico-peonias-1-400x114.webp 400w, https:\/\/verdnatura.es\/wp-content\/uploads\/2025\/04\/Grafico-peonias-1-600x171.webp 600w, https:\/\/verdnatura.es\/wp-content\/uploads\/2025\/04\/Grafico-peonias-1-800x229.webp 800w, https:\/\/verdnatura.es\/wp-content\/uploads\/2025\/04\/Grafico-peonias-1.webp 1183w\" data-sizes=\"auto\" data-orig-sizes=\"(max-width: 1024px) 100vw, (max-width: 640px) 100vw, 1183px\" \/><\/span><\/div><div class=\"fusion-text fusion-text-4\"><p class=\"text-lg text-gray-600 mb-10 text-center max-w-4xl mx-auto\"><em><span class=\"verdnatura-green font-semibold\"><strong>Remarque <\/strong>:<\/span> La proposition de Verdnatura permet de disposer de pivoines de haute qualit\u00e9 d\u00e8s le d\u00e9but avril, soit presque un mois avant la disponibilit\u00e9 traditionnelle sur le march\u00e9.<\/em><\/p>\n<\/div><div class=\"fusion-separator fusion-full-width-sep\" style=\"align-self: center;margin-left: auto;margin-right: auto;margin-top:40px;margin-bottom:20px;width:100%;\"><div class=\"fusion-separator-border sep-single sep-solid\" style=\"--awb-height:20px;--awb-amount:20px;--awb-sep-color:var(--awb-color5);border-color:var(--awb-color5);border-top-width:3px;\"><\/div><\/div><div class=\"fusion-text fusion-text-5 fusion-text-no-margin\" style=\"--awb-margin-bottom:20px;\"><h2 class=\"section-title text-3xl font-bold verdnatura-green text-center\">Avantages de l\u2019Anticipation de la Saison<\/h2>\n<\/div><div class=\"fusion-text fusion-text-6\"><p class=\"text-center text-gray-600 mb-12 max-w-4xl mx-auto\" style=\"text-align: center;\">Pour les fleuristes et les professionnels du secteur, anticiper la saison naturelle des pivoines offre des avantages concurrentiels significatifs.<\/p>\n<\/div><\/div><\/div><div class=\"fusion-layout-column fusion_builder_column fusion-builder-column-1 fusion_builder_column_1_1 1_1 fusion-flex-column\" style=\"--awb-bg-size:cover;--awb-width-large:100%;--awb-margin-top-large:0px;--awb-spacing-right-large:1.92%;--awb-margin-bottom-large:22px;--awb-spacing-left-large:1.92%;--awb-width-medium:100%;--awb-order-medium:0;--awb-spacing-right-medium:1.92%;--awb-spacing-left-medium:1.92%;--awb-width-small:100%;--awb-order-small:0;--awb-spacing-right-small:1.92%;--awb-spacing-left-small:1.92%;\"><div class=\"fusion-column-wrapper fusion-column-has-shadow fusion-flex-justify-content-flex-start fusion-content-layout-column\"><div class=\"fusion-image-element awb-imageframe-style awb-imageframe-style-below awb-imageframe-style-3\" style=\"--awb-caption-text-size:10px;--awb-caption-title-font-family:var(--h2_typography-font-family);--awb-caption-title-font-weight:var(--h2_typography-font-weight);--awb-caption-title-font-style:var(--h2_typography-font-style);--awb-caption-title-size:var(--h2_typography-font-size);--awb-caption-title-transform:var(--h2_typography-text-transform);--awb-caption-title-line-height:var(--h2_typography-line-height);--awb-caption-title-letter-spacing:var(--h2_typography-letter-spacing);\"><span class=\" fusion-imageframe imageframe-none imageframe-3 hover-type-none\" style=\"border-radius:7px;\"><img decoding=\"async\" width=\"1106\" height=\"346\" title=\"Beneficios de adelantarse a la temporada\" src=\"https:\/\/verdnatura.es\/wp-content\/uploads\/2025\/04\/Beneficios-de-adelantarse-a-la-temporada.png\" data-orig-src=\"https:\/\/verdnatura.es\/wp-content\/uploads\/2025\/04\/Beneficios-de-adelantarse-a-la-temporada.png\" alt class=\"lazyload img-responsive wp-image-29371\" srcset=\"data:image\/svg+xml,%3Csvg%20xmlns%3D%27http%3A%2F%2Fwww.w3.org%2F2000%2Fsvg%27%20width%3D%271106%27%20height%3D%27346%27%20viewBox%3D%270%200%201106%20346%27%3E%3Crect%20width%3D%271106%27%20height%3D%27346%27%20fill-opacity%3D%220%22%2F%3E%3C%2Fsvg%3E\" data-srcset=\"https:\/\/verdnatura.es\/wp-content\/uploads\/2025\/04\/Beneficios-de-adelantarse-a-la-temporada-200x63.png 200w, https:\/\/verdnatura.es\/wp-content\/uploads\/2025\/04\/Beneficios-de-adelantarse-a-la-temporada-400x125.png 400w, https:\/\/verdnatura.es\/wp-content\/uploads\/2025\/04\/Beneficios-de-adelantarse-a-la-temporada-600x188.png 600w, https:\/\/verdnatura.es\/wp-content\/uploads\/2025\/04\/Beneficios-de-adelantarse-a-la-temporada-800x250.png 800w, https:\/\/verdnatura.es\/wp-content\/uploads\/2025\/04\/Beneficios-de-adelantarse-a-la-temporada.png 1106w\" data-sizes=\"auto\" data-orig-sizes=\"(max-width: 1024px) 100vw, (max-width: 640px) 100vw, 1106px\" \/><\/span><div class=\"awb-imageframe-caption-container\"><div class=\"awb-imageframe-caption\"><h2 class=\"awb-imageframe-caption-title\"> <\/h2><p class=\"awb-imageframe-caption-text\">*Bas\u00e9 sur une analyse comparative des prix et des marges \u00e0 diff\u00e9rents moments de la saison&lt;br&gt;&lt;br&gt;<\/p><\/div><\/div><\/div><\/div><\/div><div class=\"fusion-layout-column fusion_builder_column fusion-builder-column-2 fusion_builder_column_1_2 1_2 fusion-flex-column\" style=\"--awb-bg-size:cover;--awb-width-large:50%;--awb-margin-top-large:0px;--awb-spacing-right-large:3.84%;--awb-margin-bottom-large:0px;--awb-spacing-left-large:3.84%;--awb-width-medium:100%;--awb-order-medium:0;--awb-spacing-right-medium:1.92%;--awb-spacing-left-medium:1.92%;--awb-width-small:100%;--awb-order-small:0;--awb-spacing-right-small:1.92%;--awb-spacing-left-small:1.92%;\"><div class=\"fusion-column-wrapper fusion-column-has-shadow fusion-flex-justify-content-flex-start fusion-content-layout-column\"><div class=\"fusion-text fusion-text-7\"><h3 class=\"text-xl font-bold mb-3 verdnatura-green\">1. Exclusivit\u00e9 sur le March\u00e9<\/h3>\n<\/div><div class=\"fusion-text fusion-text-8\"><div class=\"benefit-card bg-white p-6 rounded-lg shadow-sm\">\n<p class=\"text-gray-600\">Proposer des pivoines alors que d\u2019autres fleuristes n\u2019en disposent pas encore cr\u00e9e un avantage d\u2019exclusivit\u00e9 imm\u00e9diat. Les clients cherchant ces fleurs pour des \u00e9v\u00e9nements sp\u00e9cifiques d\u00e9but avril auront du mal \u00e0 les trouver ailleurs, ce qui positionne les \u00e9tablissements disposant d\u2019un acc\u00e8s anticip\u00e9 comme leaders du secteur.<\/p>\n<\/div>\n<div class=\"benefit-card bg-white p-6 rounded-lg shadow-sm\"><\/div>\n<\/div><\/div><\/div><div class=\"fusion-layout-column fusion_builder_column fusion-builder-column-3 fusion_builder_column_1_2 1_2 fusion-flex-column\" style=\"--awb-bg-size:cover;--awb-width-large:50%;--awb-margin-top-large:0px;--awb-spacing-right-large:3.84%;--awb-margin-bottom-large:0px;--awb-spacing-left-large:3.84%;--awb-width-medium:100%;--awb-order-medium:0;--awb-spacing-right-medium:1.92%;--awb-spacing-left-medium:1.92%;--awb-width-small:100%;--awb-order-small:0;--awb-spacing-right-small:1.92%;--awb-spacing-left-small:1.92%;\"><div class=\"fusion-column-wrapper fusion-column-has-shadow fusion-flex-justify-content-flex-start fusion-content-layout-column\"><div class=\"fusion-text fusion-text-9\"><h3 class=\"text-xl font-bold mb-3 verdnatura-green\">2. Avantages de Prix et de Marge<\/h3>\n<\/div><div class=\"fusion-text fusion-text-10\"><div class=\"benefit-card bg-white p-6 rounded-lg shadow-sm\">\n<p class=\"text-gray-600\">En d\u00e9but de saison, alors que l\u2019offre est limit\u00e9e mais que la demande commence \u00e0 cro\u00eetre, il est possible de fixer des prix premium refl\u00e9tant l\u2019exclusivit\u00e9 du produit. Cela permet de maximiser les marges durant une p\u00e9riode traditionnellement plus calme apr\u00e8s l\u2019hiver.<\/p>\n<\/div>\n<div class=\"benefit-card bg-white p-6 rounded-lg shadow-sm\"><\/div>\n<\/div><\/div><\/div><div class=\"fusion-layout-column fusion_builder_column fusion-builder-column-4 fusion_builder_column_1_2 1_2 fusion-flex-column\" style=\"--awb-bg-size:cover;--awb-width-large:50%;--awb-margin-top-large:0px;--awb-spacing-right-large:3.84%;--awb-margin-bottom-large:0px;--awb-spacing-left-large:3.84%;--awb-width-medium:100%;--awb-order-medium:0;--awb-spacing-right-medium:1.92%;--awb-spacing-left-medium:1.92%;--awb-width-small:100%;--awb-order-small:0;--awb-spacing-right-small:1.92%;--awb-spacing-left-small:1.92%;\"><div class=\"fusion-column-wrapper fusion-column-has-shadow fusion-flex-justify-content-flex-start fusion-content-layout-column\"><div class=\"fusion-text fusion-text-11\"><h3 class=\"text-xl font-bold mb-3 verdnatura-green\">3. Attirer une Client\u00e8le \u00e0 Haute Valeur<\/h3>\n<\/div><div class=\"fusion-text fusion-text-12\"><p>Les clients pr\u00eats \u00e0 payer pour des pivoines hors saison sont souvent des consommateurs au pouvoir d\u2019achat \u00e9lev\u00e9 ou des professionnels de l\u2019\u00e9v\u00e9nementiel valorisant la qualit\u00e9. Les capter d\u00e8s maintenant peut les fid\u00e9liser pour toute la saison et m\u00eame pour d\u2019autres produits.<\/p>\n<\/div><\/div><\/div><div class=\"fusion-layout-column fusion_builder_column fusion-builder-column-5 fusion_builder_column_1_2 1_2 fusion-flex-column\" style=\"--awb-bg-size:cover;--awb-width-large:50%;--awb-margin-top-large:0px;--awb-spacing-right-large:3.84%;--awb-margin-bottom-large:0px;--awb-spacing-left-large:3.84%;--awb-width-medium:100%;--awb-order-medium:0;--awb-spacing-right-medium:1.92%;--awb-spacing-left-medium:1.92%;--awb-width-small:100%;--awb-order-small:0;--awb-spacing-right-small:1.92%;--awb-spacing-left-small:1.92%;\"><div class=\"fusion-column-wrapper fusion-column-has-shadow fusion-flex-justify-content-flex-start fusion-content-layout-column\"><div class=\"fusion-text fusion-text-13\"><h3 class=\"text-xl font-bold mb-3 verdnatura-green\">4. Planification Strat\u00e9gique d\u2019\u00c9v\u00e9nements<\/h3>\n<\/div><div class=\"fusion-text fusion-text-14\"><div class=\"benefit-card bg-white p-6 rounded-lg shadow-sm\">\n<p class=\"text-gray-600\">Pour les fleuristes sp\u00e9cialis\u00e9s dans les mariages et \u00e9v\u00e9nements, disposer de pivoines d\u00e8s d\u00e9but avril permet de les proposer pour des occasions importantes pr\u00e9vues avant la saison naturelle, en attirant des projets qui auraient sinon choisi d\u2019autres options florales.<\/p>\n<\/div>\n<\/div><\/div><\/div><div class=\"fusion-layout-column fusion_builder_column fusion-builder-column-6 fusion_builder_column_1_1 1_1 fusion-flex-column\" style=\"--awb-bg-size:cover;--awb-width-large:100%;--awb-margin-top-large:0px;--awb-spacing-right-large:1.92%;--awb-margin-bottom-large:0px;--awb-spacing-left-large:1.92%;--awb-width-medium:100%;--awb-order-medium:0;--awb-spacing-right-medium:1.92%;--awb-spacing-left-medium:1.92%;--awb-width-small:100%;--awb-order-small:0;--awb-spacing-right-small:1.92%;--awb-spacing-left-small:1.92%;\"><div class=\"fusion-column-wrapper fusion-column-has-shadow fusion-flex-justify-content-flex-start fusion-content-layout-column\"><div class=\"fusion-text fusion-text-15\"><h3 class=\"text-xl font-bold mb-3 verdnatura-green\">5. Avantage Concurrentiel sur les R\u00e9seaux Sociaux et en Marketing<\/h3>\n<\/div><div class=\"fusion-text fusion-text-16\"><div class=\"grid grid-cols-1 md:grid-cols-2 gap-8\">\n<div class=\"benefit-card bg-white p-6 rounded-lg shadow-sm md:col-span-2\">\n<p class=\"text-gray-600\">\u00catre parmi les premiers \u00e0 montrer des pivoines fra\u00eeches sur les r\u00e9seaux sociaux g\u00e9n\u00e8re un impact visuel et \u00e9motionnel fort. Ce contenu anticip\u00e9 se d\u00e9marque de la concurrence et positionne l\u2019entreprise comme innovante et \u00e0 la pointe du secteur.<\/p>\n<\/div>\n<\/div>\n<div class=\"mt-12\">\n<div class=\"chart-container max-w-5xl mx-auto\"><\/div>\n<\/div>\n<\/div><div class=\"fusion-image-element \" style=\"text-align:center;--awb-aspect-ratio: 100 \/ 76;--awb-object-position:63% 64%;--awb-caption-title-font-family:var(--h2_typography-font-family);--awb-caption-title-font-weight:var(--h2_typography-font-weight);--awb-caption-title-font-style:var(--h2_typography-font-style);--awb-caption-title-size:var(--h2_typography-font-size);--awb-caption-title-transform:var(--h2_typography-text-transform);--awb-caption-title-line-height:var(--h2_typography-line-height);--awb-caption-title-letter-spacing:var(--h2_typography-letter-spacing);\"><span class=\" fusion-imageframe imageframe-none imageframe-4 hover-type-none has-aspect-ratio\" style=\"border-radius:7px;\"><img decoding=\"async\" width=\"1500\" height=\"1000\" title=\"Confecci\u00f3n florister\u00eda peon\u00edas\" src=\"https:\/\/verdnatura.es\/wp-content\/uploads\/2025\/04\/Confeccion-floristeria-peonias.webp\" data-orig-src=\"https:\/\/verdnatura.es\/wp-content\/uploads\/2025\/04\/Confeccion-floristeria-peonias.webp\" class=\"lazyload img-responsive wp-image-29693 img-with-aspect-ratio\" data-parent-fit=\"cover\" data-parent-container=\".fusion-image-element\" alt srcset=\"data:image\/svg+xml,%3Csvg%20xmlns%3D%27http%3A%2F%2Fwww.w3.org%2F2000%2Fsvg%27%20width%3D%271500%27%20height%3D%271000%27%20viewBox%3D%270%200%201500%201000%27%3E%3Crect%20width%3D%271500%27%20height%3D%271000%27%20fill-opacity%3D%220%22%2F%3E%3C%2Fsvg%3E\" data-srcset=\"https:\/\/verdnatura.es\/wp-content\/uploads\/2025\/04\/Confeccion-floristeria-peonias-200x133.webp 200w, https:\/\/verdnatura.es\/wp-content\/uploads\/2025\/04\/Confeccion-floristeria-peonias-400x267.webp 400w, https:\/\/verdnatura.es\/wp-content\/uploads\/2025\/04\/Confeccion-floristeria-peonias-600x400.webp 600w, https:\/\/verdnatura.es\/wp-content\/uploads\/2025\/04\/Confeccion-floristeria-peonias-800x533.webp 800w, https:\/\/verdnatura.es\/wp-content\/uploads\/2025\/04\/Confeccion-floristeria-peonias-1200x800.webp 1200w, https:\/\/verdnatura.es\/wp-content\/uploads\/2025\/04\/Confeccion-floristeria-peonias.webp 1500w\" data-sizes=\"auto\" data-orig-sizes=\"(max-width: 1024px) 100vw, (max-width: 640px) 100vw, 1500px\" \/><\/span><\/div><\/div><\/div><\/div><\/div><div class=\"fusion-fullwidth fullwidth-box fusion-builder-row-2 fusion-flex-container nonhundred-percent-fullwidth non-hundred-percent-height-scrolling\" style=\"--awb-border-radius-top-left:0px;--awb-border-radius-top-right:0px;--awb-border-radius-bottom-right:0px;--awb-border-radius-bottom-left:0px;--awb-padding-right:0px;--awb-padding-left:0px;--awb-padding-right-small:0px;--awb-padding-left-small:0px;--awb-flex-wrap:wrap;\" ><div class=\"fusion-builder-row fusion-row fusion-flex-align-items-flex-start fusion-flex-content-wrap\" style=\"max-width:1352px;margin-left: calc(-4% \/ 2 );margin-right: calc(-4% \/ 2 );\"><div class=\"fusion-layout-column fusion_builder_column fusion-builder-column-7 fusion_builder_column_1_1 1_1 fusion-flex-column\" style=\"--awb-bg-blend:overlay;--awb-bg-size:cover;--awb-width-large:100%;--awb-margin-top-large:0px;--awb-spacing-right-large:1.92%;--awb-margin-bottom-large:0px;--awb-spacing-left-large:1.92%;--awb-width-medium:100%;--awb-spacing-right-medium:1.92%;--awb-spacing-left-medium:1.92%;--awb-width-small:100%;--awb-spacing-right-small:1.92%;--awb-spacing-left-small:1.92%;\"><div class=\"fusion-column-wrapper fusion-flex-justify-content-flex-start fusion-content-layout-column\"><div class=\"fusion-separator fusion-full-width-sep\" style=\"align-self: center;margin-left: auto;margin-right: auto;margin-top:40px;margin-bottom:20px;width:100%;\"><div class=\"fusion-separator-border sep-single sep-solid\" style=\"--awb-height:20px;--awb-amount:20px;--awb-sep-color:var(--awb-color5);border-color:var(--awb-color5);border-top-width:3px;\"><\/div><\/div><div class=\"fusion-text fusion-text-17 fusion-text-no-margin\" style=\"--awb-margin-bottom:20px;\"><h2><strong>D\u00e9j\u00e0 disponibles !<\/strong><\/h2>\n<\/div><div class=\"fusion-text fusion-text-18\"><p class=\"\" data-start=\"1532\" data-end=\"1701\">Les pivoines sont d\u00e9j\u00e0 l\u00e0 ! Ne tardez pas \u00e0 obtenir les v\u00f4tres.<\/p>\n<\/div><div ><a class=\"fusion-button button-flat fusion-button-default-size button-default fusion-button-default button-2 fusion-button-default-span fusion-button-default-type\" target=\"_blank\" rel=\"noopener noreferrer\" href=\"https:\/\/go.verdnatura.es\/peony-n\"><span class=\"fusion-button-text awb-button__text awb-button__text--default\">Voir Pivoines<\/span><\/a><\/div><\/div><\/div><\/div><\/div><\/p>\n","protected":false},"featured_media":29829,"template":"","meta":{"_acf_changed":false},"class_list":["post-29715","novelty","type-novelty","status-publish","has-post-thumbnail","hentry"],"acf":[],"yoast_head":"<!-- This site is optimized with the Yoast SEO plugin v27.1.1 - https:\/\/yoast.com\/product\/yoast-seo-wordpress\/ -->\n<title>Nous Avan\u00e7ons la Saison des Pivoines ! - Verdnatura<\/title>\n<meta name=\"robots\" content=\"index, follow, max-snippet:-1, max-image-preview:large, max-video-preview:-1\" \/>\n<link rel=\"canonical\" href=\"https:\/\/verdnatura.es\/fr\/novelty\/nous-avancons-la-saison-des-pivoines\/\" \/>\n<meta property=\"og:locale\" content=\"fr_FR\" \/>\n<meta property=\"og:type\" content=\"article\" \/>\n<meta property=\"og:title\" content=\"Nous Avan\u00e7ons la Saison des Pivoines ! - Verdnatura\" \/>\n<meta property=\"og:url\" content=\"https:\/\/verdnatura.es\/fr\/novelty\/nous-avancons-la-saison-des-pivoines\/\" \/>\n<meta property=\"og:site_name\" content=\"Verdnatura\" \/>\n<meta property=\"article:publisher\" content=\"http:\/\/www.facebook.com\/verdnatura\" \/>\n<meta property=\"article:modified_time\" content=\"2025-04-11T09:09:58+00:00\" \/>\n<meta property=\"og:image\" content=\"https:\/\/verdnatura.es\/wp-content\/uploads\/2025\/04\/Peonias-Rojas-abundantes.jpg\" \/>\n\t<meta property=\"og:image:width\" content=\"6000\" \/>\n\t<meta property=\"og:image:height\" content=\"4000\" \/>\n\t<meta property=\"og:image:type\" content=\"image\/jpeg\" \/>\n<meta name=\"twitter:card\" content=\"summary_large_image\" \/>\n<meta name=\"twitter:label1\" content=\"Dur\u00e9e de lecture estim\u00e9e\" \/>\n\t<meta name=\"twitter:data1\" content=\"4 minutes\" \/>\n<script type=\"application\/ld+json\" class=\"yoast-schema-graph\">{\"@context\":\"https:\/\/schema.org\",\"@graph\":[{\"@type\":\"WebPage\",\"@id\":\"https:\/\/verdnatura.es\/fr\/novelty\/nous-avancons-la-saison-des-pivoines\/\",\"url\":\"https:\/\/verdnatura.es\/fr\/novelty\/nous-avancons-la-saison-des-pivoines\/\",\"name\":\"Nous Avan\u00e7ons la Saison des Pivoines ! - Verdnatura\",\"isPartOf\":{\"@id\":\"https:\/\/verdnatura.es\/fr\/#website\"},\"primaryImageOfPage\":{\"@id\":\"https:\/\/verdnatura.es\/fr\/novelty\/nous-avancons-la-saison-des-pivoines\/#primaryimage\"},\"image\":{\"@id\":\"https:\/\/verdnatura.es\/fr\/novelty\/nous-avancons-la-saison-des-pivoines\/#primaryimage\"},\"thumbnailUrl\":\"https:\/\/verdnatura.es\/wp-content\/uploads\/2025\/04\/Peonias-Rojas-abundantes.jpg\",\"datePublished\":\"2025-04-09T15:05:38+00:00\",\"dateModified\":\"2025-04-11T09:09:58+00:00\",\"breadcrumb\":{\"@id\":\"https:\/\/verdnatura.es\/fr\/novelty\/nous-avancons-la-saison-des-pivoines\/#breadcrumb\"},\"inLanguage\":\"fr-FR\",\"potentialAction\":[{\"@type\":\"ReadAction\",\"target\":[\"https:\/\/verdnatura.es\/fr\/novelty\/nous-avancons-la-saison-des-pivoines\/\"]}]},{\"@type\":\"ImageObject\",\"inLanguage\":\"fr-FR\",\"@id\":\"https:\/\/verdnatura.es\/fr\/novelty\/nous-avancons-la-saison-des-pivoines\/#primaryimage\",\"url\":\"https:\/\/verdnatura.es\/wp-content\/uploads\/2025\/04\/Peonias-Rojas-abundantes.jpg\",\"contentUrl\":\"https:\/\/verdnatura.es\/wp-content\/uploads\/2025\/04\/Peonias-Rojas-abundantes.jpg\",\"width\":6000,\"height\":4000},{\"@type\":\"BreadcrumbList\",\"@id\":\"https:\/\/verdnatura.es\/fr\/novelty\/nous-avancons-la-saison-des-pivoines\/#breadcrumb\",\"itemListElement\":[{\"@type\":\"ListItem\",\"position\":1,\"name\":\"Portada\",\"item\":\"https:\/\/verdnatura.es\/fr\/\"},{\"@type\":\"ListItem\",\"position\":2,\"name\":\"Novedades\",\"item\":\"https:\/\/verdnatura.es\/fr\/novelties\/\"},{\"@type\":\"ListItem\",\"position\":3,\"name\":\"Nous Avan\u00e7ons la Saison des Pivoines !\"}]},{\"@type\":\"WebSite\",\"@id\":\"https:\/\/verdnatura.es\/fr\/#website\",\"url\":\"https:\/\/verdnatura.es\/fr\/\",\"name\":\"Verdnatura\",\"description\":\"Mayorista de flores y plantas\",\"publisher\":{\"@id\":\"https:\/\/verdnatura.es\/fr\/#organization\"},\"potentialAction\":[{\"@type\":\"SearchAction\",\"target\":{\"@type\":\"EntryPoint\",\"urlTemplate\":\"https:\/\/verdnatura.es\/fr\/?s={search_term_string}\"},\"query-input\":{\"@type\":\"PropertyValueSpecification\",\"valueRequired\":true,\"valueName\":\"search_term_string\"}}],\"inLanguage\":\"fr-FR\"},{\"@type\":\"Organization\",\"@id\":\"https:\/\/verdnatura.es\/fr\/#organization\",\"name\":\"Verdnatura Levante SL\",\"url\":\"https:\/\/verdnatura.es\/fr\/\",\"logo\":{\"@type\":\"ImageObject\",\"inLanguage\":\"fr-FR\",\"@id\":\"https:\/\/verdnatura.es\/fr\/#\/schema\/logo\/image\/\",\"url\":\"https:\/\/verdnatura.es\/wp-content\/uploads\/2023\/12\/Marca-sin-fondo.png\",\"contentUrl\":\"https:\/\/verdnatura.es\/wp-content\/uploads\/2023\/12\/Marca-sin-fondo.png\",\"width\":1000,\"height\":630,\"caption\":\"Verdnatura Levante SL\"},\"image\":{\"@id\":\"https:\/\/verdnatura.es\/fr\/#\/schema\/logo\/image\/\"},\"sameAs\":[\"http:\/\/www.facebook.com\/verdnatura\",\"https:\/\/www.instagram.com\/verdnatura\",\"https:\/\/www.linkedin.com\/company\/verdnatura\"]}]}<\/script>\n<!-- \/ Yoast SEO plugin. -->","yoast_head_json":{"title":"Nous Avan\u00e7ons la Saison des Pivoines ! - Verdnatura","robots":{"index":"index","follow":"follow","max-snippet":"max-snippet:-1","max-image-preview":"max-image-preview:large","max-video-preview":"max-video-preview:-1"},"canonical":"https:\/\/verdnatura.es\/fr\/novelty\/nous-avancons-la-saison-des-pivoines\/","og_locale":"fr_FR","og_type":"article","og_title":"Nous Avan\u00e7ons la Saison des Pivoines ! - Verdnatura","og_url":"https:\/\/verdnatura.es\/fr\/novelty\/nous-avancons-la-saison-des-pivoines\/","og_site_name":"Verdnatura","article_publisher":"http:\/\/www.facebook.com\/verdnatura","article_modified_time":"2025-04-11T09:09:58+00:00","og_image":[{"width":6000,"height":4000,"url":"https:\/\/verdnatura.es\/wp-content\/uploads\/2025\/04\/Peonias-Rojas-abundantes.jpg","type":"image\/jpeg"}],"twitter_card":"summary_large_image","twitter_misc":{"Dur\u00e9e de lecture estim\u00e9e":"4 minutes"},"schema":{"@context":"https:\/\/schema.org","@graph":[{"@type":"WebPage","@id":"https:\/\/verdnatura.es\/fr\/novelty\/nous-avancons-la-saison-des-pivoines\/","url":"https:\/\/verdnatura.es\/fr\/novelty\/nous-avancons-la-saison-des-pivoines\/","name":"Nous Avan\u00e7ons la Saison des Pivoines ! - Verdnatura","isPartOf":{"@id":"https:\/\/verdnatura.es\/fr\/#website"},"primaryImageOfPage":{"@id":"https:\/\/verdnatura.es\/fr\/novelty\/nous-avancons-la-saison-des-pivoines\/#primaryimage"},"image":{"@id":"https:\/\/verdnatura.es\/fr\/novelty\/nous-avancons-la-saison-des-pivoines\/#primaryimage"},"thumbnailUrl":"https:\/\/verdnatura.es\/wp-content\/uploads\/2025\/04\/Peonias-Rojas-abundantes.jpg","datePublished":"2025-04-09T15:05:38+00:00","dateModified":"2025-04-11T09:09:58+00:00","breadcrumb":{"@id":"https:\/\/verdnatura.es\/fr\/novelty\/nous-avancons-la-saison-des-pivoines\/#breadcrumb"},"inLanguage":"fr-FR","potentialAction":[{"@type":"ReadAction","target":["https:\/\/verdnatura.es\/fr\/novelty\/nous-avancons-la-saison-des-pivoines\/"]}]},{"@type":"ImageObject","inLanguage":"fr-FR","@id":"https:\/\/verdnatura.es\/fr\/novelty\/nous-avancons-la-saison-des-pivoines\/#primaryimage","url":"https:\/\/verdnatura.es\/wp-content\/uploads\/2025\/04\/Peonias-Rojas-abundantes.jpg","contentUrl":"https:\/\/verdnatura.es\/wp-content\/uploads\/2025\/04\/Peonias-Rojas-abundantes.jpg","width":6000,"height":4000},{"@type":"BreadcrumbList","@id":"https:\/\/verdnatura.es\/fr\/novelty\/nous-avancons-la-saison-des-pivoines\/#breadcrumb","itemListElement":[{"@type":"ListItem","position":1,"name":"Portada","item":"https:\/\/verdnatura.es\/fr\/"},{"@type":"ListItem","position":2,"name":"Novedades","item":"https:\/\/verdnatura.es\/fr\/novelties\/"},{"@type":"ListItem","position":3,"name":"Nous Avan\u00e7ons la Saison des Pivoines !"}]},{"@type":"WebSite","@id":"https:\/\/verdnatura.es\/fr\/#website","url":"https:\/\/verdnatura.es\/fr\/","name":"Verdnatura","description":"Mayorista de flores y plantas","publisher":{"@id":"https:\/\/verdnatura.es\/fr\/#organization"},"potentialAction":[{"@type":"SearchAction","target":{"@type":"EntryPoint","urlTemplate":"https:\/\/verdnatura.es\/fr\/?s={search_term_string}"},"query-input":{"@type":"PropertyValueSpecification","valueRequired":true,"valueName":"search_term_string"}}],"inLanguage":"fr-FR"},{"@type":"Organization","@id":"https:\/\/verdnatura.es\/fr\/#organization","name":"Verdnatura Levante SL","url":"https:\/\/verdnatura.es\/fr\/","logo":{"@type":"ImageObject","inLanguage":"fr-FR","@id":"https:\/\/verdnatura.es\/fr\/#\/schema\/logo\/image\/","url":"https:\/\/verdnatura.es\/wp-content\/uploads\/2023\/12\/Marca-sin-fondo.png","contentUrl":"https:\/\/verdnatura.es\/wp-content\/uploads\/2023\/12\/Marca-sin-fondo.png","width":1000,"height":630,"caption":"Verdnatura Levante SL"},"image":{"@id":"https:\/\/verdnatura.es\/fr\/#\/schema\/logo\/image\/"},"sameAs":["http:\/\/www.facebook.com\/verdnatura","https:\/\/www.instagram.com\/verdnatura","https:\/\/www.linkedin.com\/company\/verdnatura"]}]}},"_links":{"self":[{"href":"https:\/\/verdnatura.es\/fr\/wp-json\/wp\/v2\/novelty\/29715","targetHints":{"allow":["GET"]}}],"collection":[{"href":"https:\/\/verdnatura.es\/fr\/wp-json\/wp\/v2\/novelty"}],"about":[{"href":"https:\/\/verdnatura.es\/fr\/wp-json\/wp\/v2\/types\/novelty"}],"wp:featuredmedia":[{"embeddable":true,"href":"https:\/\/verdnatura.es\/fr\/wp-json\/wp\/v2\/media\/29829"}],"wp:attachment":[{"href":"https:\/\/verdnatura.es\/fr\/wp-json\/wp\/v2\/media?parent=29715"}],"curies":[{"name":"wp","href":"https:\/\/api.w.org\/{rel}","templated":true}]}}