{"id":34630,"date":"2025-05-29T10:16:15","date_gmt":"2025-05-29T08:16:15","guid":{"rendered":"https:\/\/verdnatura.es\/?post_type=novelty&#038;p=34630"},"modified":"2025-05-29T10:22:59","modified_gmt":"2025-05-29T08:22:59","slug":"pots-en-forme-de-tete-provenant-directement-de-lusine","status":"publish","type":"novelty","link":"https:\/\/verdnatura.es\/fr\/novelty\/pots-en-forme-de-tete-provenant-directement-de-lusine\/","title":{"rendered":"Pots en forme de t\u00eate provenant directement de l&rsquo;usine"},"content":{"rendered":"<p><div class=\"fusion-fullwidth fullwidth-box fusion-builder-row-1 fusion-flex-container nonhundred-percent-fullwidth non-hundred-percent-height-scrolling\" style=\"--awb-border-radius-top-left:0px;--awb-border-radius-top-right:0px;--awb-border-radius-bottom-right:0px;--awb-border-radius-bottom-left:0px;--awb-padding-right-small:0px;--awb-padding-left-small:0px;--awb-flex-wrap:wrap;\" ><div class=\"fusion-builder-row fusion-row fusion-flex-align-items-flex-start fusion-flex-content-wrap\" style=\"max-width:1352px;margin-left: calc(-4% \/ 2 );margin-right: calc(-4% \/ 2 );\"><div class=\"fusion-layout-column fusion_builder_column fusion-builder-column-0 fusion_builder_column_1_1 1_1 fusion-flex-column\" style=\"--awb-bg-blend:overlay;--awb-bg-size:cover;--awb-width-large:100%;--awb-margin-top-large:0px;--awb-spacing-right-large:1.92%;--awb-margin-bottom-large:0px;--awb-spacing-left-large:1.92%;--awb-width-medium:100%;--awb-spacing-right-medium:1.92%;--awb-spacing-left-medium:1.92%;--awb-width-small:100%;--awb-spacing-right-small:1.92%;--awb-spacing-left-small:1.92%;\"><div class=\"fusion-column-wrapper fusion-flex-justify-content-flex-start fusion-content-layout-column\"><div class=\"fusion-separator fusion-full-width-sep\" style=\"align-self: center;margin-left: auto;margin-right: auto;margin-top:20px;margin-bottom:20px;width:100%;\"><div class=\"fusion-separator-border sep-single sep-solid\" style=\"--awb-height:20px;--awb-amount:20px;--awb-sep-color:var(--awb-color5);border-color:var(--awb-color5);border-top-width:3px;\"><\/div><\/div><div class=\"fusion-text fusion-text-1\"><article class=\"text-token-text-primary w-full\" dir=\"auto\" data-testid=\"conversation-turn-54\" data-scroll-anchor=\"true\">\n<div class=\"text-base my-auto mx-auto py-5 &#091;--thread-content-margin:--spacing(4)&#093; @&#091;37rem&#093;:&#091;--thread-content-margin:--spacing(6)&#093; @&#091;72rem&#093;:&#091;--thread-content-margin:--spacing(16)&#093; px-(--thread-content-margin)\">\n<div class=\"&#091;--thread-content-max-width:32rem&#093; @&#091;34rem&#093;:&#091;--thread-content-max-width:40rem&#093; @&#091;64rem&#093;:&#091;--thread-content-max-width:48rem&#093; mx-auto flex max-w-(--thread-content-max-width) flex-1 text-base gap-4 md:gap-5 lg:gap-6 group\/turn-messages focus-visible:outline-hidden\" tabindex=\"-1\">\n<div class=\"group\/conversation-turn relative flex w-full min-w-0 flex-col agent-turn\">\n<div class=\"relative flex-col gap-1 md:gap-3\">\n<div class=\"flex max-w-full flex-col grow\">\n<div class=\"min-h-8 text-message relative flex w-full flex-col items-end gap-2 text-start break-words whitespace-normal &#091;.text-message+&#038;&#093;:mt-5\" dir=\"auto\" data-message-author-role=\"assistant\" data-message-id=\"f7732048-f78d-4538-a7b1-e2de3161a8a5\" data-message-model-slug=\"gpt-4o\">\n<div class=\"flex w-full flex-col gap-1 empty:hidden first:pt-&#091;3px&#093;\">\n<div class=\"markdown prose dark:prose-invert w-full break-words light\">\n<p data-start=\"195\" data-end=\"499\">Aujourd&rsquo;hui, nous mettons en avant cette collection de pots en forme de t\u00eate, une ligne qui allie design d\u00e9coratif et d\u00e9tail \u00e0 une r\u00e9elle fonctionnalit\u00e9 pour la fleuristerie. Ils sont fabriqu\u00e9s en <strong data-start=\"380\" data-end=\"404\">polyr\u00e9sine ou ciment<\/strong>, selon le mod\u00e8le, ce qui leur conf\u00e8re pr\u00e9sence et r\u00e9sistance sans perdre la d\u00e9finition des finitions.<\/p>\n<p data-start=\"501\" data-end=\"726\">Il existe des designs classiques, inspir\u00e9s de figures mythologiques et de bustes f\u00e9minins, avec des reliefs tr\u00e8s bien travaill\u00e9s. Ce sont des pi\u00e8ces tr\u00e8s d\u00e9coratives, parfaites aussi bien pour l&rsquo;int\u00e9rieur que pour l&rsquo;ext\u00e9rieur.<\/p>\n<p data-start=\"728\" data-end=\"919\" data-is-last-node=\"\" data-is-only-node=\"\">De plus, gr\u00e2ce \u00e0 l&rsquo;importation directe, ils pr\u00e9sentent un <strong data-start=\"781\" data-end=\"827\">rapport qualit\u00e9-prix unique<\/strong>. D\u00e9j\u00e0 disponibles pour les professionnels \u00e0 la recherche de quelque chose de diff\u00e9rent, avec du caract\u00e8re et une bonne rotation des stocks.<\/p>\n<\/div>\n<\/div>\n<\/div>\n<\/div>\n<\/div>\n<\/div>\n<\/div>\n<\/div>\n<\/article>\n<\/div><div style=\"text-align:center;\"><a class=\"fusion-button button-flat fusion-button-default-size button-default fusion-button-default button-1 fusion-button-default-span fusion-button-default-type\" style=\"--button_margin-bottom:20px;\" target=\"_blank\" rel=\"noopener noreferrer\" href=\"https:\/\/go.verdnatura.es\/macetas-n\"><span class=\"fusion-button-text awb-button__text awb-button__text--default\">Voir les Pots aux Prix Directs d&rsquo;Usine<\/span><\/a><\/div><div class=\"awb-gallery-wrapper awb-gallery-wrapper-1 button-span-no\" style=\"--more-btn-alignment:center;\" data-limit=\"4\" data-page=\"1\"><div style=\"margin:-2px;--awb-aspect-ratio:2 \/ 3;--awb-object-position:48% 64%;--awb-bordersize:0px;--awb-border-radius:7px;--awb-columns-medium:100%;--awb-columns-small:100%;\" class=\"fusion-gallery fusion-gallery-container fusion-grid-2 fusion-columns-total-8 fusion-gallery-layout-grid fusion-gallery-1 has-aspect-ratio\"><div style=\"padding:2.5px;\" class=\"fusion-grid-column fusion-gallery-column fusion-gallery-column-2 hover-type-none\"><div class=\"fusion-gallery-image\"><a href=\"https:\/\/verdnatura.es\/wp-content\/uploads\/2025\/05\/maceta-cabeza-decorativa-con-flores-rosadas.webp\" rel=\"noreferrer\" data-rel=\"iLightbox[gallery_image_1]\" class=\"fusion-lightbox\" target=\"_self\"><img decoding=\"async\" src=\"https:\/\/verdnatura.es\/wp-content\/uploads\/2025\/05\/maceta-cabeza-decorativa-con-flores-rosadas.webp\" data-orig-src=\"https:\/\/verdnatura.es\/wp-content\/uploads\/2025\/05\/maceta-cabeza-decorativa-con-flores-rosadas.webp\" width=\"667\" height=\"1000\" alt=\"Arreglo floral en maceta cabeza decorativa estilo cl\u00e1sico con flores rosadas y follaje, ideal para decoraci\u00f3n de interiores elegantes.\" title=\"maceta-cabeza-decorativa-con-flores-rosadas\" aria-label=\"maceta-cabeza-decorativa-con-flores-rosadas\" class=\"lazyload img-responsive wp-image-34558\" srcset=\"data:image\/svg+xml,%3Csvg%20xmlns%3D%27http%3A%2F%2Fwww.w3.org%2F2000%2Fsvg%27%20width%3D%27667%27%20height%3D%271000%27%20viewBox%3D%270%200%20667%201000%27%3E%3Crect%20width%3D%27667%27%20height%3D%271000%27%20fill-opacity%3D%220%22%2F%3E%3C%2Fsvg%3E\" data-srcset=\"https:\/\/verdnatura.es\/wp-content\/uploads\/2025\/05\/maceta-cabeza-decorativa-con-flores-rosadas-200x300.webp 200w, https:\/\/verdnatura.es\/wp-content\/uploads\/2025\/05\/maceta-cabeza-decorativa-con-flores-rosadas-400x600.webp 400w, https:\/\/verdnatura.es\/wp-content\/uploads\/2025\/05\/maceta-cabeza-decorativa-con-flores-rosadas-600x900.webp 600w, https:\/\/verdnatura.es\/wp-content\/uploads\/2025\/05\/maceta-cabeza-decorativa-con-flores-rosadas.webp 667w\" data-sizes=\"auto\" data-orig-sizes=\"(min-width: 2200px) 100vw, (min-width: 712px) 649px, (min-width: 640px) 712px, \" \/><\/a><\/div><\/div><div style=\"padding:2.5px;\" class=\"fusion-grid-column fusion-gallery-column fusion-gallery-column-2 hover-type-none\"><div class=\"fusion-gallery-image\"><a href=\"https:\/\/verdnatura.es\/wp-content\/uploads\/2025\/05\/maceta-cabeza-con-arreglo-verde-natural-eucalipto.webp\" rel=\"noreferrer\" data-rel=\"iLightbox[gallery_image_1]\" class=\"fusion-lightbox\" target=\"_self\"><img decoding=\"async\" src=\"https:\/\/verdnatura.es\/wp-content\/uploads\/2025\/05\/maceta-cabeza-con-arreglo-verde-natural-eucalipto.webp\" data-orig-src=\"https:\/\/verdnatura.es\/wp-content\/uploads\/2025\/05\/maceta-cabeza-con-arreglo-verde-natural-eucalipto.webp\" width=\"667\" height=\"1000\" alt=\"Maceta en forma de busto cl\u00e1sico decorada con arreglo floral verde con eucalipto y follaje natural, perfecta para decoraci\u00f3n interior elegante y org\u00e1nica.\" title=\"maceta-cabeza-con-arreglo-verde-natural-eucalipto\" aria-label=\"maceta-cabeza-con-arreglo-verde-natural-eucalipto\" class=\"lazyload img-responsive wp-image-34607\" srcset=\"data:image\/svg+xml,%3Csvg%20xmlns%3D%27http%3A%2F%2Fwww.w3.org%2F2000%2Fsvg%27%20width%3D%27667%27%20height%3D%271000%27%20viewBox%3D%270%200%20667%201000%27%3E%3Crect%20width%3D%27667%27%20height%3D%271000%27%20fill-opacity%3D%220%22%2F%3E%3C%2Fsvg%3E\" data-srcset=\"https:\/\/verdnatura.es\/wp-content\/uploads\/2025\/05\/maceta-cabeza-con-arreglo-verde-natural-eucalipto-200x300.webp 200w, https:\/\/verdnatura.es\/wp-content\/uploads\/2025\/05\/maceta-cabeza-con-arreglo-verde-natural-eucalipto-400x600.webp 400w, https:\/\/verdnatura.es\/wp-content\/uploads\/2025\/05\/maceta-cabeza-con-arreglo-verde-natural-eucalipto-600x900.webp 600w, https:\/\/verdnatura.es\/wp-content\/uploads\/2025\/05\/maceta-cabeza-con-arreglo-verde-natural-eucalipto.webp 667w\" data-sizes=\"auto\" data-orig-sizes=\"(min-width: 2200px) 100vw, (min-width: 712px) 649px, (min-width: 640px) 712px, \" \/><\/a><\/div><\/div><div class=\"clearfix\"><\/div><div style=\"padding:2.5px;\" class=\"fusion-grid-column fusion-gallery-column fusion-gallery-column-2 hover-type-none\"><div class=\"fusion-gallery-image\"><a href=\"https:\/\/verdnatura.es\/wp-content\/uploads\/2025\/05\/maceta-cabeza-con-arreglo-floral-en-tonos-burdeos.webp\" rel=\"noreferrer\" data-rel=\"iLightbox[gallery_image_1]\" class=\"fusion-lightbox\" target=\"_self\"><img decoding=\"async\" src=\"https:\/\/verdnatura.es\/wp-content\/uploads\/2025\/05\/maceta-cabeza-con-arreglo-floral-en-tonos-burdeos.webp\" data-orig-src=\"https:\/\/verdnatura.es\/wp-content\/uploads\/2025\/05\/maceta-cabeza-con-arreglo-floral-en-tonos-burdeos.webp\" width=\"667\" height=\"1000\" alt=\"Maceta decorativa en forma de cabeza con arreglo floral en tonos burdeos y follaje seco, ideal para decoraci\u00f3n art\u00edstica y sofisticada de interiores.\" title=\"maceta-cabeza-con-arreglo-floral-en-tonos-burdeos\" aria-label=\"maceta-cabeza-con-arreglo-floral-en-tonos-burdeos\" class=\"lazyload img-responsive wp-image-34600\" srcset=\"data:image\/svg+xml,%3Csvg%20xmlns%3D%27http%3A%2F%2Fwww.w3.org%2F2000%2Fsvg%27%20width%3D%27667%27%20height%3D%271000%27%20viewBox%3D%270%200%20667%201000%27%3E%3Crect%20width%3D%27667%27%20height%3D%271000%27%20fill-opacity%3D%220%22%2F%3E%3C%2Fsvg%3E\" data-srcset=\"https:\/\/verdnatura.es\/wp-content\/uploads\/2025\/05\/maceta-cabeza-con-arreglo-floral-en-tonos-burdeos-200x300.webp 200w, https:\/\/verdnatura.es\/wp-content\/uploads\/2025\/05\/maceta-cabeza-con-arreglo-floral-en-tonos-burdeos-400x600.webp 400w, https:\/\/verdnatura.es\/wp-content\/uploads\/2025\/05\/maceta-cabeza-con-arreglo-floral-en-tonos-burdeos-600x900.webp 600w, https:\/\/verdnatura.es\/wp-content\/uploads\/2025\/05\/maceta-cabeza-con-arreglo-floral-en-tonos-burdeos.webp 667w\" data-sizes=\"auto\" data-orig-sizes=\"(min-width: 2200px) 100vw, (min-width: 712px) 649px, (min-width: 640px) 712px, \" \/><\/a><\/div><\/div><div style=\"padding:2.5px;\" class=\"fusion-grid-column fusion-gallery-column fusion-gallery-column-2 hover-type-none\"><div class=\"fusion-gallery-image\"><a href=\"https:\/\/verdnatura.es\/wp-content\/uploads\/2025\/05\/trio-macetas-cabeza-con-arreglos-florales-decorativos.webp\" rel=\"noreferrer\" data-rel=\"iLightbox[gallery_image_1]\" class=\"fusion-lightbox\" target=\"_self\"><img decoding=\"async\" src=\"https:\/\/verdnatura.es\/wp-content\/uploads\/2025\/05\/trio-macetas-cabeza-con-arreglos-florales-decorativos.webp\" data-orig-src=\"https:\/\/verdnatura.es\/wp-content\/uploads\/2025\/05\/trio-macetas-cabeza-con-arreglos-florales-decorativos.webp\" width=\"667\" height=\"1000\" alt=\"Tr\u00edo de macetas decorativas en forma de cabeza con arreglos florales en tonos burdeos, rosados y verdes, ideales para decoraci\u00f3n de interiores con estilo art\u00edstico y sofisticado.\" title=\"trio-macetas-cabeza-con-arreglos-florales-decorativos\" aria-label=\"trio-macetas-cabeza-con-arreglos-florales-decorativos\" class=\"lazyload img-responsive wp-image-34579\" srcset=\"data:image\/svg+xml,%3Csvg%20xmlns%3D%27http%3A%2F%2Fwww.w3.org%2F2000%2Fsvg%27%20width%3D%27667%27%20height%3D%271000%27%20viewBox%3D%270%200%20667%201000%27%3E%3Crect%20width%3D%27667%27%20height%3D%271000%27%20fill-opacity%3D%220%22%2F%3E%3C%2Fsvg%3E\" data-srcset=\"https:\/\/verdnatura.es\/wp-content\/uploads\/2025\/05\/trio-macetas-cabeza-con-arreglos-florales-decorativos-200x300.webp 200w, https:\/\/verdnatura.es\/wp-content\/uploads\/2025\/05\/trio-macetas-cabeza-con-arreglos-florales-decorativos-400x600.webp 400w, https:\/\/verdnatura.es\/wp-content\/uploads\/2025\/05\/trio-macetas-cabeza-con-arreglos-florales-decorativos-600x900.webp 600w, https:\/\/verdnatura.es\/wp-content\/uploads\/2025\/05\/trio-macetas-cabeza-con-arreglos-florales-decorativos.webp 667w\" data-sizes=\"auto\" data-orig-sizes=\"(min-width: 2200px) 100vw, (min-width: 712px) 649px, (min-width: 640px) 712px, \" \/><\/a><\/div><\/div><div class=\"clearfix\"><\/div><div style=\"padding:2.5px;\" class=\"fusion-grid-column fusion-gallery-column fusion-gallery-column-2 hover-type-none awb-gallery-item-hidden\"><div class=\"fusion-gallery-image\"><a href=\"https:\/\/verdnatura.es\/wp-content\/uploads\/2025\/05\/maceta-cabeza-david-verde-estilo-clasico.webp\" rel=\"noreferrer\" data-rel=\"iLightbox[gallery_image_1]\" class=\"fusion-lightbox\" target=\"_self\"><img decoding=\"async\" src=\"https:\/\/verdnatura.es\/wp-content\/uploads\/2025\/05\/maceta-cabeza-david-verde-estilo-clasico.webp\" data-orig-src=\"https:\/\/verdnatura.es\/wp-content\/uploads\/2025\/05\/maceta-cabeza-david-verde-estilo-clasico.webp\" width=\"750\" height=\"1000\" alt=\"Maceta decorativa en forma de busto de David en tono verde envejecido, ideal para decoraci\u00f3n art\u00edstica y vintage en interiores modernos o cl\u00e1sicos.\" title=\"maceta-cabeza-david-verde-estilo-clasico\" aria-label=\"maceta-cabeza-david-verde-estilo-clasico\" class=\"lazyload img-responsive wp-image-34551\" srcset=\"data:image\/svg+xml,%3Csvg%20xmlns%3D%27http%3A%2F%2Fwww.w3.org%2F2000%2Fsvg%27%20width%3D%27750%27%20height%3D%271000%27%20viewBox%3D%270%200%20750%201000%27%3E%3Crect%20width%3D%27750%27%20height%3D%271000%27%20fill-opacity%3D%220%22%2F%3E%3C%2Fsvg%3E\" data-srcset=\"https:\/\/verdnatura.es\/wp-content\/uploads\/2025\/05\/maceta-cabeza-david-verde-estilo-clasico-200x267.webp 200w, https:\/\/verdnatura.es\/wp-content\/uploads\/2025\/05\/maceta-cabeza-david-verde-estilo-clasico-400x533.webp 400w, https:\/\/verdnatura.es\/wp-content\/uploads\/2025\/05\/maceta-cabeza-david-verde-estilo-clasico-600x800.webp 600w, https:\/\/verdnatura.es\/wp-content\/uploads\/2025\/05\/maceta-cabeza-david-verde-estilo-clasico.webp 750w\" data-sizes=\"auto\" data-orig-sizes=\"(min-width: 2200px) 100vw, (min-width: 712px) 649px, (min-width: 640px) 712px, \" \/><\/a><\/div><\/div><div style=\"padding:2.5px;\" class=\"fusion-grid-column fusion-gallery-column fusion-gallery-column-2 hover-type-none awb-gallery-item-hidden\"><div class=\"fusion-gallery-image\"><a href=\"https:\/\/verdnatura.es\/wp-content\/uploads\/2025\/05\/maceta-cabeza-floral-con-rosas-naranja-decoracion-mesa.webp\" rel=\"noreferrer\" data-rel=\"iLightbox[gallery_image_1]\" class=\"fusion-lightbox\" target=\"_self\"><img decoding=\"async\" src=\"https:\/\/verdnatura.es\/wp-content\/uploads\/2025\/05\/maceta-cabeza-floral-con-rosas-naranja-decoracion-mesa.webp\" data-orig-src=\"https:\/\/verdnatura.es\/wp-content\/uploads\/2025\/05\/maceta-cabeza-floral-con-rosas-naranja-decoracion-mesa.webp\" width=\"750\" height=\"1000\" alt=\"Maceta en forma de busto femenino con arreglo de rosas y flores naranjas, ideal como centro de mesa para eventos elegantes y decoraci\u00f3n art\u00edstica.\" title=\"maceta-cabeza-floral-con-rosas-naranja-decoracion-mesa\" aria-label=\"maceta-cabeza-floral-con-rosas-naranja-decoracion-mesa\" class=\"lazyload img-responsive wp-image-34565\" srcset=\"data:image\/svg+xml,%3Csvg%20xmlns%3D%27http%3A%2F%2Fwww.w3.org%2F2000%2Fsvg%27%20width%3D%27750%27%20height%3D%271000%27%20viewBox%3D%270%200%20750%201000%27%3E%3Crect%20width%3D%27750%27%20height%3D%271000%27%20fill-opacity%3D%220%22%2F%3E%3C%2Fsvg%3E\" data-srcset=\"https:\/\/verdnatura.es\/wp-content\/uploads\/2025\/05\/maceta-cabeza-floral-con-rosas-naranja-decoracion-mesa-200x267.webp 200w, https:\/\/verdnatura.es\/wp-content\/uploads\/2025\/05\/maceta-cabeza-floral-con-rosas-naranja-decoracion-mesa-400x533.webp 400w, https:\/\/verdnatura.es\/wp-content\/uploads\/2025\/05\/maceta-cabeza-floral-con-rosas-naranja-decoracion-mesa-600x800.webp 600w, https:\/\/verdnatura.es\/wp-content\/uploads\/2025\/05\/maceta-cabeza-floral-con-rosas-naranja-decoracion-mesa.webp 750w\" data-sizes=\"auto\" data-orig-sizes=\"(min-width: 2200px) 100vw, (min-width: 712px) 649px, (min-width: 640px) 712px, \" \/><\/a><\/div><\/div><div class=\"clearfix\"><\/div><div style=\"padding:2.5px;\" class=\"fusion-grid-column fusion-gallery-column fusion-gallery-column-2 hover-type-none awb-gallery-item-hidden\"><div class=\"fusion-gallery-image\"><a href=\"https:\/\/verdnatura.es\/wp-content\/uploads\/2025\/05\/maceta-cabeza-mujer-clasica-con-detalles-florales.webp\" rel=\"noreferrer\" data-rel=\"iLightbox[gallery_image_1]\" class=\"fusion-lightbox\" target=\"_self\"><img decoding=\"async\" src=\"https:\/\/verdnatura.es\/wp-content\/uploads\/2025\/05\/maceta-cabeza-mujer-clasica-con-detalles-florales.webp\" data-orig-src=\"https:\/\/verdnatura.es\/wp-content\/uploads\/2025\/05\/maceta-cabeza-mujer-clasica-con-detalles-florales.webp\" width=\"750\" height=\"1000\" alt=\"Maceta decorativa en forma de busto de mujer con detalles florales esculpidos, estilo cl\u00e1sico en acabado blanco envejecido, ideal para decoraci\u00f3n elegante y art\u00edstica.\" title=\"maceta-cabeza-mujer-clasica-con-detalles-florales\" aria-label=\"maceta-cabeza-mujer-clasica-con-detalles-florales\" class=\"lazyload img-responsive wp-image-34572\" srcset=\"data:image\/svg+xml,%3Csvg%20xmlns%3D%27http%3A%2F%2Fwww.w3.org%2F2000%2Fsvg%27%20width%3D%27750%27%20height%3D%271000%27%20viewBox%3D%270%200%20750%201000%27%3E%3Crect%20width%3D%27750%27%20height%3D%271000%27%20fill-opacity%3D%220%22%2F%3E%3C%2Fsvg%3E\" data-srcset=\"https:\/\/verdnatura.es\/wp-content\/uploads\/2025\/05\/maceta-cabeza-mujer-clasica-con-detalles-florales-200x267.webp 200w, https:\/\/verdnatura.es\/wp-content\/uploads\/2025\/05\/maceta-cabeza-mujer-clasica-con-detalles-florales-400x533.webp 400w, https:\/\/verdnatura.es\/wp-content\/uploads\/2025\/05\/maceta-cabeza-mujer-clasica-con-detalles-florales-600x800.webp 600w, https:\/\/verdnatura.es\/wp-content\/uploads\/2025\/05\/maceta-cabeza-mujer-clasica-con-detalles-florales.webp 750w\" data-sizes=\"auto\" data-orig-sizes=\"(min-width: 2200px) 100vw, (min-width: 712px) 649px, (min-width: 640px) 712px, \" \/><\/a><\/div><\/div><div style=\"padding:2.5px;\" class=\"fusion-grid-column fusion-gallery-column fusion-gallery-column-2 hover-type-none awb-gallery-item-hidden\"><div class=\"fusion-gallery-image\"><a href=\"https:\/\/verdnatura.es\/wp-content\/uploads\/2025\/05\/centro-de-mesa-maceta-cabeza-con-rosas-damasco.webp\" rel=\"noreferrer\" data-rel=\"iLightbox[gallery_image_1]\" class=\"fusion-lightbox\" target=\"_self\"><img decoding=\"async\" src=\"https:\/\/verdnatura.es\/wp-content\/uploads\/2025\/05\/centro-de-mesa-maceta-cabeza-con-rosas-damasco.webp\" data-orig-src=\"https:\/\/verdnatura.es\/wp-content\/uploads\/2025\/05\/centro-de-mesa-maceta-cabeza-con-rosas-damasco.webp\" width=\"750\" height=\"1000\" alt=\"Centro de mesa con maceta en forma de busto femenino decorado con rosas damasco y flores naranjas, ideal para eventos elegantes y decoraci\u00f3n sofisticada.\" title=\"centro-de-mesa-maceta-cabeza-con-rosas-damasco\" aria-label=\"centro-de-mesa-maceta-cabeza-con-rosas-damasco\" class=\"lazyload img-responsive wp-image-34586\" srcset=\"data:image\/svg+xml,%3Csvg%20xmlns%3D%27http%3A%2F%2Fwww.w3.org%2F2000%2Fsvg%27%20width%3D%27750%27%20height%3D%271000%27%20viewBox%3D%270%200%20750%201000%27%3E%3Crect%20width%3D%27750%27%20height%3D%271000%27%20fill-opacity%3D%220%22%2F%3E%3C%2Fsvg%3E\" data-srcset=\"https:\/\/verdnatura.es\/wp-content\/uploads\/2025\/05\/centro-de-mesa-maceta-cabeza-con-rosas-damasco-200x267.webp 200w, https:\/\/verdnatura.es\/wp-content\/uploads\/2025\/05\/centro-de-mesa-maceta-cabeza-con-rosas-damasco-400x533.webp 400w, https:\/\/verdnatura.es\/wp-content\/uploads\/2025\/05\/centro-de-mesa-maceta-cabeza-con-rosas-damasco-600x800.webp 600w, https:\/\/verdnatura.es\/wp-content\/uploads\/2025\/05\/centro-de-mesa-maceta-cabeza-con-rosas-damasco.webp 750w\" data-sizes=\"auto\" data-orig-sizes=\"(min-width: 2200px) 100vw, (min-width: 712px) 649px, (min-width: 640px) 712px, \" \/><\/a><\/div><\/div><div class=\"clearfix\"><\/div><\/div><div class=\"fusion-loading-container fusion-clearfix awb-gallery-posts-loading-container\">\n\t\t\t\t<div class=\"fusion-loading-spinner\">\n\t\t\t\t\t<div class=\"fusion-spinner-1\"><\/div>\n\t\t\t\t\t<div class=\"fusion-spinner-2\"><\/div>\n\t\t\t\t\t<div class=\"fusion-spinner-3\"><\/div>\n\t\t\t\t<\/div><div class=\"fusion-loading-msg\"><em>Loading the next set of gallery items...<\/em><\/div><\/div><div class=\"awb-gallery-buttons\"><a href=\"#\" class=\"fusion-button button-flat button-default fusion-button-default-size awb-gallery-load-more-btn\">Load More<\/a><\/div><\/div><div class=\"fusion-separator fusion-full-width-sep\" style=\"align-self: center;margin-left: auto;margin-right: auto;margin-top:40px;margin-bottom:20px;width:100%;\"><div class=\"fusion-separator-border sep-single sep-solid\" style=\"--awb-height:20px;--awb-amount:20px;--awb-sep-color:var(--awb-color5);border-color:var(--awb-color5);border-top-width:3px;\"><\/div><\/div><\/div><\/div><\/div><\/div><div class=\"fusion-fullwidth fullwidth-box fusion-builder-row-2 fusion-flex-container nonhundred-percent-fullwidth non-hundred-percent-height-scrolling\" style=\"--awb-border-radius-top-left:0px;--awb-border-radius-top-right:0px;--awb-border-radius-bottom-right:0px;--awb-border-radius-bottom-left:0px;--awb-padding-right-small:0px;--awb-padding-left-small:0px;--awb-flex-wrap:wrap;\" ><div class=\"fusion-builder-row fusion-row fusion-flex-align-items-flex-start fusion-flex-content-wrap\" style=\"max-width:1352px;margin-left: calc(-4% \/ 2 );margin-right: calc(-4% \/ 2 );\"><div class=\"fusion-layout-column fusion_builder_column fusion-builder-column-1 fusion_builder_column_1_1 1_1 fusion-flex-column\" style=\"--awb-bg-blend:overlay;--awb-bg-size:cover;--awb-width-large:100%;--awb-margin-top-large:0px;--awb-spacing-right-large:1.92%;--awb-margin-bottom-large:0px;--awb-spacing-left-large:1.92%;--awb-width-medium:100%;--awb-spacing-right-medium:1.92%;--awb-spacing-left-medium:1.92%;--awb-width-small:100%;--awb-spacing-right-small:1.92%;--awb-spacing-left-small:1.92%;\"><div class=\"fusion-column-wrapper fusion-flex-justify-content-flex-start fusion-content-layout-column\"><div class=\"fusion-text fusion-text-2 fusion-text-no-margin\" style=\"--awb-margin-bottom:20px;\"><h2><strong>Ils sont maintenant disponibles !<\/strong><\/h2>\n<\/div><div style=\"text-align:center;\"><a class=\"fusion-button button-flat fusion-button-default-size button-default fusion-button-default button-2 fusion-button-default-span fusion-button-default-type\" style=\"--button_margin-bottom:20px;\" target=\"_blank\" rel=\"noopener noreferrer\" href=\"https:\/\/go.verdnatura.es\/macetas-n\"><span class=\"fusion-button-text awb-button__text awb-button__text--default\">Voir les Pots aux Prix Directs d&rsquo;Usine<\/span><\/a><\/div><\/div><\/div><\/div><\/div><\/p>\n","protected":false},"featured_media":34625,"template":"","meta":{"_acf_changed":false},"class_list":["post-34630","novelty","type-novelty","status-publish","has-post-thumbnail","hentry"],"acf":[],"yoast_head":"<!-- This site is optimized with the Yoast SEO plugin v27.1.1 - https:\/\/yoast.com\/product\/yoast-seo-wordpress\/ -->\n<title>Pots en forme de t\u00eate provenant directement de l&#039;usine - Verdnatura<\/title>\n<meta name=\"robots\" content=\"index, follow, max-snippet:-1, max-image-preview:large, max-video-preview:-1\" \/>\n<link rel=\"canonical\" href=\"https:\/\/verdnatura.es\/fr\/novelty\/pots-en-forme-de-tete-provenant-directement-de-lusine\/\" \/>\n<meta property=\"og:locale\" content=\"fr_FR\" \/>\n<meta property=\"og:type\" content=\"article\" \/>\n<meta property=\"og:title\" content=\"Pots en forme de t\u00eate provenant directement de l&#039;usine - Verdnatura\" \/>\n<meta property=\"og:url\" content=\"https:\/\/verdnatura.es\/fr\/novelty\/pots-en-forme-de-tete-provenant-directement-de-lusine\/\" \/>\n<meta property=\"og:site_name\" content=\"Verdnatura\" \/>\n<meta property=\"article:publisher\" content=\"http:\/\/www.facebook.com\/verdnatura\" \/>\n<meta property=\"article:modified_time\" content=\"2025-05-29T08:22:59+00:00\" \/>\n<meta property=\"og:image\" content=\"https:\/\/verdnatura.es\/wp-content\/uploads\/2025\/05\/decoracion-con-macetas-cabeza-y-arreglos-florales-sofisticados-1.webp\" \/>\n\t<meta property=\"og:image:width\" content=\"2396\" \/>\n\t<meta property=\"og:image:height\" content=\"1024\" \/>\n\t<meta property=\"og:image:type\" content=\"image\/webp\" \/>\n<meta name=\"twitter:card\" content=\"summary_large_image\" \/>\n<meta name=\"twitter:label1\" content=\"Dur\u00e9e de lecture estim\u00e9e\" \/>\n\t<meta name=\"twitter:data1\" content=\"1 minute\" \/>\n<script type=\"application\/ld+json\" class=\"yoast-schema-graph\">{\"@context\":\"https:\/\/schema.org\",\"@graph\":[{\"@type\":\"WebPage\",\"@id\":\"https:\/\/verdnatura.es\/fr\/novelty\/pots-en-forme-de-tete-provenant-directement-de-lusine\/\",\"url\":\"https:\/\/verdnatura.es\/fr\/novelty\/pots-en-forme-de-tete-provenant-directement-de-lusine\/\",\"name\":\"Pots en forme de t\u00eate provenant directement de l'usine - Verdnatura\",\"isPartOf\":{\"@id\":\"https:\/\/verdnatura.es\/fr\/#website\"},\"primaryImageOfPage\":{\"@id\":\"https:\/\/verdnatura.es\/fr\/novelty\/pots-en-forme-de-tete-provenant-directement-de-lusine\/#primaryimage\"},\"image\":{\"@id\":\"https:\/\/verdnatura.es\/fr\/novelty\/pots-en-forme-de-tete-provenant-directement-de-lusine\/#primaryimage\"},\"thumbnailUrl\":\"https:\/\/verdnatura.es\/wp-content\/uploads\/2025\/05\/decoracion-con-macetas-cabeza-y-arreglos-florales-sofisticados-1.webp\",\"datePublished\":\"2025-05-29T08:16:15+00:00\",\"dateModified\":\"2025-05-29T08:22:59+00:00\",\"breadcrumb\":{\"@id\":\"https:\/\/verdnatura.es\/fr\/novelty\/pots-en-forme-de-tete-provenant-directement-de-lusine\/#breadcrumb\"},\"inLanguage\":\"fr-FR\",\"potentialAction\":[{\"@type\":\"ReadAction\",\"target\":[\"https:\/\/verdnatura.es\/fr\/novelty\/pots-en-forme-de-tete-provenant-directement-de-lusine\/\"]}]},{\"@type\":\"ImageObject\",\"inLanguage\":\"fr-FR\",\"@id\":\"https:\/\/verdnatura.es\/fr\/novelty\/pots-en-forme-de-tete-provenant-directement-de-lusine\/#primaryimage\",\"url\":\"https:\/\/verdnatura.es\/wp-content\/uploads\/2025\/05\/decoracion-con-macetas-cabeza-y-arreglos-florales-sofisticados-1.webp\",\"contentUrl\":\"https:\/\/verdnatura.es\/wp-content\/uploads\/2025\/05\/decoracion-con-macetas-cabeza-y-arreglos-florales-sofisticados-1.webp\",\"width\":2396,\"height\":1024,\"caption\":\"Decoraci\u00f3n de consola con tres macetas en forma de cabeza adornadas con arreglos florales en tonos burdeos, rosados y verdes, ideal para interiores elegantes y modernos.\"},{\"@type\":\"BreadcrumbList\",\"@id\":\"https:\/\/verdnatura.es\/fr\/novelty\/pots-en-forme-de-tete-provenant-directement-de-lusine\/#breadcrumb\",\"itemListElement\":[{\"@type\":\"ListItem\",\"position\":1,\"name\":\"Portada\",\"item\":\"https:\/\/verdnatura.es\/fr\/\"},{\"@type\":\"ListItem\",\"position\":2,\"name\":\"Novedades\",\"item\":\"https:\/\/verdnatura.es\/fr\/novelties\/\"},{\"@type\":\"ListItem\",\"position\":3,\"name\":\"Pots en forme de t\u00eate provenant directement de l&#8217;usine\"}]},{\"@type\":\"WebSite\",\"@id\":\"https:\/\/verdnatura.es\/fr\/#website\",\"url\":\"https:\/\/verdnatura.es\/fr\/\",\"name\":\"Verdnatura\",\"description\":\"Mayorista de flores y plantas\",\"publisher\":{\"@id\":\"https:\/\/verdnatura.es\/fr\/#organization\"},\"potentialAction\":[{\"@type\":\"SearchAction\",\"target\":{\"@type\":\"EntryPoint\",\"urlTemplate\":\"https:\/\/verdnatura.es\/fr\/?s={search_term_string}\"},\"query-input\":{\"@type\":\"PropertyValueSpecification\",\"valueRequired\":true,\"valueName\":\"search_term_string\"}}],\"inLanguage\":\"fr-FR\"},{\"@type\":\"Organization\",\"@id\":\"https:\/\/verdnatura.es\/fr\/#organization\",\"name\":\"Verdnatura Levante SL\",\"url\":\"https:\/\/verdnatura.es\/fr\/\",\"logo\":{\"@type\":\"ImageObject\",\"inLanguage\":\"fr-FR\",\"@id\":\"https:\/\/verdnatura.es\/fr\/#\/schema\/logo\/image\/\",\"url\":\"https:\/\/verdnatura.es\/wp-content\/uploads\/2023\/12\/Marca-sin-fondo.png\",\"contentUrl\":\"https:\/\/verdnatura.es\/wp-content\/uploads\/2023\/12\/Marca-sin-fondo.png\",\"width\":1000,\"height\":630,\"caption\":\"Verdnatura Levante SL\"},\"image\":{\"@id\":\"https:\/\/verdnatura.es\/fr\/#\/schema\/logo\/image\/\"},\"sameAs\":[\"http:\/\/www.facebook.com\/verdnatura\",\"https:\/\/www.instagram.com\/verdnatura\",\"https:\/\/www.linkedin.com\/company\/verdnatura\"]}]}<\/script>\n<!-- \/ Yoast SEO plugin. -->","yoast_head_json":{"title":"Pots en forme de t\u00eate provenant directement de l'usine - Verdnatura","robots":{"index":"index","follow":"follow","max-snippet":"max-snippet:-1","max-image-preview":"max-image-preview:large","max-video-preview":"max-video-preview:-1"},"canonical":"https:\/\/verdnatura.es\/fr\/novelty\/pots-en-forme-de-tete-provenant-directement-de-lusine\/","og_locale":"fr_FR","og_type":"article","og_title":"Pots en forme de t\u00eate provenant directement de l'usine - Verdnatura","og_url":"https:\/\/verdnatura.es\/fr\/novelty\/pots-en-forme-de-tete-provenant-directement-de-lusine\/","og_site_name":"Verdnatura","article_publisher":"http:\/\/www.facebook.com\/verdnatura","article_modified_time":"2025-05-29T08:22:59+00:00","og_image":[{"width":2396,"height":1024,"url":"https:\/\/verdnatura.es\/wp-content\/uploads\/2025\/05\/decoracion-con-macetas-cabeza-y-arreglos-florales-sofisticados-1.webp","type":"image\/webp"}],"twitter_card":"summary_large_image","twitter_misc":{"Dur\u00e9e de lecture estim\u00e9e":"1 minute"},"schema":{"@context":"https:\/\/schema.org","@graph":[{"@type":"WebPage","@id":"https:\/\/verdnatura.es\/fr\/novelty\/pots-en-forme-de-tete-provenant-directement-de-lusine\/","url":"https:\/\/verdnatura.es\/fr\/novelty\/pots-en-forme-de-tete-provenant-directement-de-lusine\/","name":"Pots en forme de t\u00eate provenant directement de l'usine - Verdnatura","isPartOf":{"@id":"https:\/\/verdnatura.es\/fr\/#website"},"primaryImageOfPage":{"@id":"https:\/\/verdnatura.es\/fr\/novelty\/pots-en-forme-de-tete-provenant-directement-de-lusine\/#primaryimage"},"image":{"@id":"https:\/\/verdnatura.es\/fr\/novelty\/pots-en-forme-de-tete-provenant-directement-de-lusine\/#primaryimage"},"thumbnailUrl":"https:\/\/verdnatura.es\/wp-content\/uploads\/2025\/05\/decoracion-con-macetas-cabeza-y-arreglos-florales-sofisticados-1.webp","datePublished":"2025-05-29T08:16:15+00:00","dateModified":"2025-05-29T08:22:59+00:00","breadcrumb":{"@id":"https:\/\/verdnatura.es\/fr\/novelty\/pots-en-forme-de-tete-provenant-directement-de-lusine\/#breadcrumb"},"inLanguage":"fr-FR","potentialAction":[{"@type":"ReadAction","target":["https:\/\/verdnatura.es\/fr\/novelty\/pots-en-forme-de-tete-provenant-directement-de-lusine\/"]}]},{"@type":"ImageObject","inLanguage":"fr-FR","@id":"https:\/\/verdnatura.es\/fr\/novelty\/pots-en-forme-de-tete-provenant-directement-de-lusine\/#primaryimage","url":"https:\/\/verdnatura.es\/wp-content\/uploads\/2025\/05\/decoracion-con-macetas-cabeza-y-arreglos-florales-sofisticados-1.webp","contentUrl":"https:\/\/verdnatura.es\/wp-content\/uploads\/2025\/05\/decoracion-con-macetas-cabeza-y-arreglos-florales-sofisticados-1.webp","width":2396,"height":1024,"caption":"Decoraci\u00f3n de consola con tres macetas en forma de cabeza adornadas con arreglos florales en tonos burdeos, rosados y verdes, ideal para interiores elegantes y modernos."},{"@type":"BreadcrumbList","@id":"https:\/\/verdnatura.es\/fr\/novelty\/pots-en-forme-de-tete-provenant-directement-de-lusine\/#breadcrumb","itemListElement":[{"@type":"ListItem","position":1,"name":"Portada","item":"https:\/\/verdnatura.es\/fr\/"},{"@type":"ListItem","position":2,"name":"Novedades","item":"https:\/\/verdnatura.es\/fr\/novelties\/"},{"@type":"ListItem","position":3,"name":"Pots en forme de t\u00eate provenant directement de l&#8217;usine"}]},{"@type":"WebSite","@id":"https:\/\/verdnatura.es\/fr\/#website","url":"https:\/\/verdnatura.es\/fr\/","name":"Verdnatura","description":"Mayorista de flores y plantas","publisher":{"@id":"https:\/\/verdnatura.es\/fr\/#organization"},"potentialAction":[{"@type":"SearchAction","target":{"@type":"EntryPoint","urlTemplate":"https:\/\/verdnatura.es\/fr\/?s={search_term_string}"},"query-input":{"@type":"PropertyValueSpecification","valueRequired":true,"valueName":"search_term_string"}}],"inLanguage":"fr-FR"},{"@type":"Organization","@id":"https:\/\/verdnatura.es\/fr\/#organization","name":"Verdnatura Levante SL","url":"https:\/\/verdnatura.es\/fr\/","logo":{"@type":"ImageObject","inLanguage":"fr-FR","@id":"https:\/\/verdnatura.es\/fr\/#\/schema\/logo\/image\/","url":"https:\/\/verdnatura.es\/wp-content\/uploads\/2023\/12\/Marca-sin-fondo.png","contentUrl":"https:\/\/verdnatura.es\/wp-content\/uploads\/2023\/12\/Marca-sin-fondo.png","width":1000,"height":630,"caption":"Verdnatura Levante SL"},"image":{"@id":"https:\/\/verdnatura.es\/fr\/#\/schema\/logo\/image\/"},"sameAs":["http:\/\/www.facebook.com\/verdnatura","https:\/\/www.instagram.com\/verdnatura","https:\/\/www.linkedin.com\/company\/verdnatura"]}]}},"_links":{"self":[{"href":"https:\/\/verdnatura.es\/fr\/wp-json\/wp\/v2\/novelty\/34630","targetHints":{"allow":["GET"]}}],"collection":[{"href":"https:\/\/verdnatura.es\/fr\/wp-json\/wp\/v2\/novelty"}],"about":[{"href":"https:\/\/verdnatura.es\/fr\/wp-json\/wp\/v2\/types\/novelty"}],"wp:featuredmedia":[{"embeddable":true,"href":"https:\/\/verdnatura.es\/fr\/wp-json\/wp\/v2\/media\/34625"}],"wp:attachment":[{"href":"https:\/\/verdnatura.es\/fr\/wp-json\/wp\/v2\/media?parent=34630"}],"curies":[{"name":"wp","href":"https:\/\/api.w.org\/{rel}","templated":true}]}}