{"id":29716,"date":"2025-04-09T17:05:38","date_gmt":"2025-04-09T15:05:38","guid":{"rendered":"https:\/\/verdnatura.es\/novelty\/adiantamos-a-temporada-das-peonias\/"},"modified":"2025-04-11T11:10:08","modified_gmt":"2025-04-11T09:10:08","slug":"adiantamos-a-temporada-das-peonias","status":"publish","type":"novelty","link":"https:\/\/verdnatura.es\/pt-pt\/novelty\/adiantamos-a-temporada-das-peonias\/","title":{"rendered":"Adiantamos a Temporada das Pe\u00f3nias!"},"content":{"rendered":"<p><div class=\"fusion-fullwidth fullwidth-box fusion-builder-row-1 fusion-flex-container nonhundred-percent-fullwidth non-hundred-percent-height-scrolling\" style=\"--awb-border-radius-top-left:0px;--awb-border-radius-top-right:0px;--awb-border-radius-bottom-right:0px;--awb-border-radius-bottom-left:0px;--awb-padding-right:0px;--awb-padding-left:0px;--awb-padding-right-small:0px;--awb-padding-left-small:0px;--awb-flex-wrap:wrap;\" ><div class=\"fusion-builder-row fusion-row fusion-flex-align-items-stretch fusion-flex-content-wrap\" style=\"max-width:1352px;margin-left: calc(-4% \/ 2 );margin-right: calc(-4% \/ 2 );\"><div class=\"fusion-layout-column fusion_builder_column fusion-builder-column-0 fusion_builder_column_1_1 1_1 fusion-flex-column\" style=\"--awb-bg-blend:overlay;--awb-bg-size:cover;--awb-width-large:100%;--awb-margin-top-large:0px;--awb-spacing-right-large:1.92%;--awb-margin-bottom-large:0px;--awb-spacing-left-large:1.92%;--awb-width-medium:100%;--awb-spacing-right-medium:1.92%;--awb-spacing-left-medium:1.92%;--awb-width-small:100%;--awb-spacing-right-small:1.92%;--awb-spacing-left-small:1.92%;\"><div class=\"fusion-column-wrapper fusion-flex-justify-content-flex-start fusion-content-layout-column\"><div class=\"fusion-separator fusion-full-width-sep\" style=\"align-self: center;margin-left: auto;margin-right: auto;margin-top:20px;margin-bottom:20px;width:100%;\"><div class=\"fusion-separator-border sep-single sep-solid\" style=\"--awb-height:20px;--awb-amount:20px;--awb-sep-color:var(--awb-color5);border-color:var(--awb-color5);border-top-width:3px;\"><\/div><\/div><div class=\"fusion-text fusion-text-1\"><p class=\"\" data-start=\"307\" data-end=\"580\"><span style=\"letter-spacing: 0.225px; background-color: rgba(0, 0, 0, 0);\">\ud83c\udf38 <\/span><b>As Pe\u00f3nias Chegam Mais Cedo Este Ano e Pode Ser dos Primeiros a Aproveitar<\/b> <span style=\"letter-spacing: 0.225px; background-color: rgba(0, 0, 0, 0);\">\ud83c\udf38<\/span><\/p>\n<p class=\"\" data-start=\"307\" data-end=\"580\"><span style=\"letter-spacing: 0.225px; background-color: rgba(0, 0, 0, 0);\">Este ano quebr\u00e1mos o calend\u00e1rio habitual e <\/span><strong style=\"letter-spacing: 0.225px; background-color: rgba(0, 0, 0, 0);\" data-start=\"356\" data-end=\"400\">adiant\u00e1mos a temporada das pe\u00f3nias.<\/strong><span style=\"letter-spacing: 0.225px; background-color: rgba(0, 0, 0, 0);\">. Porqu\u00ea? Porque conseguimos acesso antecipado a algumas das primeiras colheitas da temporada em Fran\u00e7a \u2014 onde <\/span><strong style=\"letter-spacing: 0.225px; background-color: rgba(0, 0, 0, 0);\" data-start=\"478\" data-end=\"524\">nascem algumas das pe\u00f3nias mais cobi\u00e7adas do mundo.<\/strong><\/p>\n<p class=\"\" data-start=\"582\" data-end=\"602\">Mas isso n\u00e3o \u00e9 tudo.<\/p>\n<p class=\"\" data-start=\"604\" data-end=\"822\">Sabemos que os pre\u00e7os caem em plena temporada&#8230; <strong data-start=\"661\" data-end=\"708\">por isso tamb\u00e9m antecip\u00e1mos essa parte:<\/strong> a partir desta semana, pode obt\u00ea-las a um pre\u00e7o <em data-start=\"745\" data-end=\"761\">muito mais baixo<\/em>. Assim, aproveita antes de todos os outros.<\/p>\n<p class=\"\" data-start=\"824\" data-end=\"1073\"><span style=\"letter-spacing: 0.225px; background-color: rgba(0, 0, 0, 0);\">E o melhor: <b>n\u00e3o podem ser mais frescas<\/b>. <\/span><span style=\"letter-spacing: 0.225px; background-color: rgba(0, 0, 0, 0);\">Gra\u00e7as \u00e0 proximidade do nosso armaz\u00e9m, recebemo-las rapidamente em c\u00e2mara fria<\/span><span style=\"letter-spacing: 0.225px; background-color: rgba(0, 0, 0, 0);\">, o que lhes permite manter todo o seu aroma, cor e frescura<\/span><span style=\"letter-spacing: 0.225px; background-color: rgba(0, 0, 0, 0);\">.<\/span><\/p>\n<p class=\"\" data-start=\"824\" data-end=\"1073\"><strong style=\"letter-spacing: 0.225px; background-color: rgba(0, 0, 0, 0);\" data-start=\"999\" data-end=\"1073\">Pe\u00f3nias praticamente acabadas de cortar, diretamente do campo para as suas m\u00e3os.<\/strong><\/p>\n<\/div><div style=\"text-align:center;\"><a class=\"fusion-button button-flat fusion-button-default-size button-default fusion-button-default button-1 fusion-button-default-span fusion-button-default-type\" style=\"--button_margin-top:20px;--button_margin-bottom:20px;\" target=\"_blank\" rel=\"noopener noreferrer\" href=\"https:\/\/go.verdnatura.es\/peony-n\"><span class=\"fusion-button-text awb-button__text awb-button__text--default\">Ver Pe\u00f3nias<\/span><\/a><\/div><div class=\"fusion-image-element \" style=\"--awb-margin-top:20px;--awb-margin-bottom:40px;--awb-caption-title-font-family:var(--h2_typography-font-family);--awb-caption-title-font-weight:var(--h2_typography-font-weight);--awb-caption-title-font-style:var(--h2_typography-font-style);--awb-caption-title-size:var(--h2_typography-font-size);--awb-caption-title-transform:var(--h2_typography-text-transform);--awb-caption-title-line-height:var(--h2_typography-line-height);--awb-caption-title-letter-spacing:var(--h2_typography-letter-spacing);\"><span class=\" fusion-imageframe imageframe-none imageframe-1 hover-type-none\" style=\"border-radius:7px;\"><img decoding=\"async\" width=\"1500\" height=\"1000\" title=\"Peonias en almac\u00e9n\" src=\"https:\/\/verdnatura.es\/wp-content\/uploads\/2025\/04\/Peonias-en-almacen.webp\" data-orig-src=\"https:\/\/verdnatura.es\/wp-content\/uploads\/2025\/04\/Peonias-en-almacen.webp\" alt class=\"lazyload img-responsive wp-image-29824\" srcset=\"data:image\/svg+xml,%3Csvg%20xmlns%3D%27http%3A%2F%2Fwww.w3.org%2F2000%2Fsvg%27%20width%3D%271500%27%20height%3D%271000%27%20viewBox%3D%270%200%201500%201000%27%3E%3Crect%20width%3D%271500%27%20height%3D%271000%27%20fill-opacity%3D%220%22%2F%3E%3C%2Fsvg%3E\" data-srcset=\"https:\/\/verdnatura.es\/wp-content\/uploads\/2025\/04\/Peonias-en-almacen-200x133.webp 200w, https:\/\/verdnatura.es\/wp-content\/uploads\/2025\/04\/Peonias-en-almacen-400x267.webp 400w, https:\/\/verdnatura.es\/wp-content\/uploads\/2025\/04\/Peonias-en-almacen-600x400.webp 600w, https:\/\/verdnatura.es\/wp-content\/uploads\/2025\/04\/Peonias-en-almacen-800x533.webp 800w, https:\/\/verdnatura.es\/wp-content\/uploads\/2025\/04\/Peonias-en-almacen-1200x800.webp 1200w, https:\/\/verdnatura.es\/wp-content\/uploads\/2025\/04\/Peonias-en-almacen.webp 1500w\" data-sizes=\"auto\" data-orig-sizes=\"(max-width: 1024px) 100vw, (max-width: 640px) 100vw, 1500px\" \/><\/span><\/div><div class=\"fusion-text fusion-text-2\"><h2 class=\"text-3xl font-bold mb-6 text-center verdnatura-green\">Disponibilidade de Pe\u00f3nias Durante Todo o Ano<\/h2>\n<\/div><div class=\"fusion-text fusion-text-3\"><p class=\"text-lg text-gray-600 mb-10 text-center max-w-4xl mx-auto\">As pe\u00f3nias t\u00eam um ciclo de disponibilidade muito marcado ao longo do ano. Com a Verdnatura, antecipamos essa disponibilidade para dar uma vantagem ao seu neg\u00f3cio.<\/p>\n<\/div><div class=\"fusion-image-element \" style=\"--awb-caption-title-font-family:var(--h2_typography-font-family);--awb-caption-title-font-weight:var(--h2_typography-font-weight);--awb-caption-title-font-style:var(--h2_typography-font-style);--awb-caption-title-size:var(--h2_typography-font-size);--awb-caption-title-transform:var(--h2_typography-text-transform);--awb-caption-title-line-height:var(--h2_typography-line-height);--awb-caption-title-letter-spacing:var(--h2_typography-letter-spacing);\"><span class=\" fusion-imageframe imageframe-none imageframe-2 hover-type-none\" style=\"border-radius:7px;\"><img decoding=\"async\" width=\"1183\" height=\"338\" title=\"Gr\u00e1fico peonias (1)\" src=\"https:\/\/verdnatura.es\/wp-content\/uploads\/2025\/04\/Grafico-peonias-1.webp\" data-orig-src=\"https:\/\/verdnatura.es\/wp-content\/uploads\/2025\/04\/Grafico-peonias-1.webp\" alt class=\"lazyload img-responsive wp-image-29366\" srcset=\"data:image\/svg+xml,%3Csvg%20xmlns%3D%27http%3A%2F%2Fwww.w3.org%2F2000%2Fsvg%27%20width%3D%271183%27%20height%3D%27338%27%20viewBox%3D%270%200%201183%20338%27%3E%3Crect%20width%3D%271183%27%20height%3D%27338%27%20fill-opacity%3D%220%22%2F%3E%3C%2Fsvg%3E\" data-srcset=\"https:\/\/verdnatura.es\/wp-content\/uploads\/2025\/04\/Grafico-peonias-1-200x57.webp 200w, https:\/\/verdnatura.es\/wp-content\/uploads\/2025\/04\/Grafico-peonias-1-400x114.webp 400w, https:\/\/verdnatura.es\/wp-content\/uploads\/2025\/04\/Grafico-peonias-1-600x171.webp 600w, https:\/\/verdnatura.es\/wp-content\/uploads\/2025\/04\/Grafico-peonias-1-800x229.webp 800w, https:\/\/verdnatura.es\/wp-content\/uploads\/2025\/04\/Grafico-peonias-1.webp 1183w\" data-sizes=\"auto\" data-orig-sizes=\"(max-width: 1024px) 100vw, (max-width: 640px) 100vw, 1183px\" \/><\/span><\/div><div class=\"fusion-text fusion-text-4\"><p class=\"text-lg text-gray-600 mb-10 text-center max-w-4xl mx-auto\"><em><span class=\"verdnatura-green font-semibold\"><strong>Nota<\/strong>:<\/span> A proposta da Verdnatura permite-lhe ter pe\u00f3nias de alta qualidade j\u00e1 no in\u00edcio de abril, quase um m\u00eas antes da sua disponibilidade tradicional no mercado.<\/em><\/p>\n<\/div><div class=\"fusion-separator fusion-full-width-sep\" style=\"align-self: center;margin-left: auto;margin-right: auto;margin-top:40px;margin-bottom:20px;width:100%;\"><div class=\"fusion-separator-border sep-single sep-solid\" style=\"--awb-height:20px;--awb-amount:20px;--awb-sep-color:var(--awb-color5);border-color:var(--awb-color5);border-top-width:3px;\"><\/div><\/div><div class=\"fusion-text fusion-text-5 fusion-text-no-margin\" style=\"--awb-margin-bottom:20px;\"><h2 class=\"section-title text-3xl font-bold verdnatura-green text-center\">Vantagens de Antecipar a Temporada<\/h2>\n<\/div><div class=\"fusion-text fusion-text-6\"><p class=\"text-center text-gray-600 mb-12 max-w-4xl mx-auto\" style=\"text-align: center;\">Para floristas e profissionais do setor, antecipar a temporada natural das pe\u00f3nias oferece vantagens competitivas muito significativas.<\/p>\n<\/div><\/div><\/div><div class=\"fusion-layout-column fusion_builder_column fusion-builder-column-1 fusion_builder_column_1_1 1_1 fusion-flex-column\" style=\"--awb-bg-size:cover;--awb-width-large:100%;--awb-margin-top-large:0px;--awb-spacing-right-large:1.92%;--awb-margin-bottom-large:22px;--awb-spacing-left-large:1.92%;--awb-width-medium:100%;--awb-order-medium:0;--awb-spacing-right-medium:1.92%;--awb-spacing-left-medium:1.92%;--awb-width-small:100%;--awb-order-small:0;--awb-spacing-right-small:1.92%;--awb-spacing-left-small:1.92%;\"><div class=\"fusion-column-wrapper fusion-column-has-shadow fusion-flex-justify-content-flex-start fusion-content-layout-column\"><div class=\"fusion-image-element awb-imageframe-style awb-imageframe-style-below awb-imageframe-style-3\" style=\"--awb-caption-text-size:10px;--awb-caption-title-font-family:var(--h2_typography-font-family);--awb-caption-title-font-weight:var(--h2_typography-font-weight);--awb-caption-title-font-style:var(--h2_typography-font-style);--awb-caption-title-size:var(--h2_typography-font-size);--awb-caption-title-transform:var(--h2_typography-text-transform);--awb-caption-title-line-height:var(--h2_typography-line-height);--awb-caption-title-letter-spacing:var(--h2_typography-letter-spacing);\"><span class=\" fusion-imageframe imageframe-none imageframe-3 hover-type-none\" style=\"border-radius:7px;\"><img decoding=\"async\" width=\"1106\" height=\"346\" title=\"Beneficios de adelantarse a la temporada\" src=\"https:\/\/verdnatura.es\/wp-content\/uploads\/2025\/04\/Beneficios-de-adelantarse-a-la-temporada.png\" data-orig-src=\"https:\/\/verdnatura.es\/wp-content\/uploads\/2025\/04\/Beneficios-de-adelantarse-a-la-temporada.png\" alt class=\"lazyload img-responsive wp-image-29373\" srcset=\"data:image\/svg+xml,%3Csvg%20xmlns%3D%27http%3A%2F%2Fwww.w3.org%2F2000%2Fsvg%27%20width%3D%271106%27%20height%3D%27346%27%20viewBox%3D%270%200%201106%20346%27%3E%3Crect%20width%3D%271106%27%20height%3D%27346%27%20fill-opacity%3D%220%22%2F%3E%3C%2Fsvg%3E\" data-srcset=\"https:\/\/verdnatura.es\/wp-content\/uploads\/2025\/04\/Beneficios-de-adelantarse-a-la-temporada-200x63.png 200w, https:\/\/verdnatura.es\/wp-content\/uploads\/2025\/04\/Beneficios-de-adelantarse-a-la-temporada-400x125.png 400w, https:\/\/verdnatura.es\/wp-content\/uploads\/2025\/04\/Beneficios-de-adelantarse-a-la-temporada-600x188.png 600w, https:\/\/verdnatura.es\/wp-content\/uploads\/2025\/04\/Beneficios-de-adelantarse-a-la-temporada-800x250.png 800w, https:\/\/verdnatura.es\/wp-content\/uploads\/2025\/04\/Beneficios-de-adelantarse-a-la-temporada.png 1106w\" data-sizes=\"auto\" data-orig-sizes=\"(max-width: 1024px) 100vw, (max-width: 640px) 100vw, 1106px\" \/><\/span><div class=\"awb-imageframe-caption-container\"><div class=\"awb-imageframe-caption\"><h2 class=\"awb-imageframe-caption-title\"> <\/h2><p class=\"awb-imageframe-caption-text\">*Baseado numa an\u00e1lise comparativa de pre\u00e7os e margens em diferentes momentos da temporada<\/p><\/div><\/div><\/div><\/div><\/div><div class=\"fusion-layout-column fusion_builder_column fusion-builder-column-2 fusion_builder_column_1_2 1_2 fusion-flex-column\" style=\"--awb-bg-size:cover;--awb-width-large:50%;--awb-margin-top-large:0px;--awb-spacing-right-large:3.84%;--awb-margin-bottom-large:0px;--awb-spacing-left-large:3.84%;--awb-width-medium:100%;--awb-order-medium:0;--awb-spacing-right-medium:1.92%;--awb-spacing-left-medium:1.92%;--awb-width-small:100%;--awb-order-small:0;--awb-spacing-right-small:1.92%;--awb-spacing-left-small:1.92%;\"><div class=\"fusion-column-wrapper fusion-column-has-shadow fusion-flex-justify-content-flex-start fusion-content-layout-column\"><div class=\"fusion-text fusion-text-7\"><h3 class=\"text-xl font-bold mb-3 verdnatura-green\">1. Exclusividade no Mercado<\/h3>\n<\/div><div class=\"fusion-text fusion-text-8\"><div class=\"benefit-card bg-white p-6 rounded-lg shadow-sm\">\n<p class=\"text-gray-600\">Oferecer pe\u00f3nias quando outros floristas ainda n\u00e3o as t\u00eam cria uma vantagem de exclusividade imediata. Os clientes \u00e0 procura destas flores para eventos espec\u00edficos no in\u00edcio de abril ter\u00e3o dificuldade em encontr\u00e1-las noutros locais, o que posiciona os estabelecimentos com acesso antecipado como l\u00edderes do setor.<\/p>\n<\/div>\n<div class=\"benefit-card bg-white p-6 rounded-lg shadow-sm\"><\/div>\n<\/div><\/div><\/div><div class=\"fusion-layout-column fusion_builder_column fusion-builder-column-3 fusion_builder_column_1_2 1_2 fusion-flex-column\" style=\"--awb-bg-size:cover;--awb-width-large:50%;--awb-margin-top-large:0px;--awb-spacing-right-large:3.84%;--awb-margin-bottom-large:0px;--awb-spacing-left-large:3.84%;--awb-width-medium:100%;--awb-order-medium:0;--awb-spacing-right-medium:1.92%;--awb-spacing-left-medium:1.92%;--awb-width-small:100%;--awb-order-small:0;--awb-spacing-right-small:1.92%;--awb-spacing-left-small:1.92%;\"><div class=\"fusion-column-wrapper fusion-column-has-shadow fusion-flex-justify-content-flex-start fusion-content-layout-column\"><div class=\"fusion-text fusion-text-9\"><h3 class=\"text-xl font-bold mb-3 verdnatura-green\">2. Vantagens de Pre\u00e7o e Margem<\/h3>\n<\/div><div class=\"fusion-text fusion-text-10\"><div class=\"benefit-card bg-white p-6 rounded-lg shadow-sm\">\n<p class=\"text-gray-600\">No in\u00edcio da temporada, quando a oferta \u00e9 limitada mas a procura come\u00e7a a aumentar, \u00e9 poss\u00edvel aplicar pre\u00e7os premium que refletem a exclusividade do produto. Isto permite maximizar as margens durante um per\u00edodo tradicionalmente mais calmo ap\u00f3s o inverno.<\/p>\n<\/div>\n<div class=\"benefit-card bg-white p-6 rounded-lg shadow-sm\"><\/div>\n<\/div><\/div><\/div><div class=\"fusion-layout-column fusion_builder_column fusion-builder-column-4 fusion_builder_column_1_2 1_2 fusion-flex-column\" style=\"--awb-bg-size:cover;--awb-width-large:50%;--awb-margin-top-large:0px;--awb-spacing-right-large:3.84%;--awb-margin-bottom-large:0px;--awb-spacing-left-large:3.84%;--awb-width-medium:100%;--awb-order-medium:0;--awb-spacing-right-medium:1.92%;--awb-spacing-left-medium:1.92%;--awb-width-small:100%;--awb-order-small:0;--awb-spacing-right-small:1.92%;--awb-spacing-left-small:1.92%;\"><div class=\"fusion-column-wrapper fusion-column-has-shadow fusion-flex-justify-content-flex-start fusion-content-layout-column\"><div class=\"fusion-text fusion-text-11\"><h3 class=\"text-xl font-bold mb-3 verdnatura-green\">3. Atrair Clientes de Alto Valor<\/h3>\n<\/div><div class=\"fusion-text fusion-text-12\"><p>Os clientes dispostos a pagar por pe\u00f3nias fora de \u00e9poca s\u00e3o frequentemente consumidores com elevado poder de compra ou profissionais de eventos que valorizam a qualidade. Capt\u00e1-los agora pode fideliz\u00e1-los para o resto da temporada e tamb\u00e9m para outros produtos.<\/p>\n<\/div><\/div><\/div><div class=\"fusion-layout-column fusion_builder_column fusion-builder-column-5 fusion_builder_column_1_2 1_2 fusion-flex-column\" style=\"--awb-bg-size:cover;--awb-width-large:50%;--awb-margin-top-large:0px;--awb-spacing-right-large:3.84%;--awb-margin-bottom-large:0px;--awb-spacing-left-large:3.84%;--awb-width-medium:100%;--awb-order-medium:0;--awb-spacing-right-medium:1.92%;--awb-spacing-left-medium:1.92%;--awb-width-small:100%;--awb-order-small:0;--awb-spacing-right-small:1.92%;--awb-spacing-left-small:1.92%;\"><div class=\"fusion-column-wrapper fusion-column-has-shadow fusion-flex-justify-content-flex-start fusion-content-layout-column\"><div class=\"fusion-text fusion-text-13\"><h3 class=\"text-xl font-bold mb-3 verdnatura-green\">4. Planeamento Estrat\u00e9gico de Eventos<\/h3>\n<\/div><div class=\"fusion-text fusion-text-14\"><div class=\"benefit-card bg-white p-6 rounded-lg shadow-sm\">\n<p class=\"text-gray-600\">Para floristas especializados em casamentos e eventos, ter pe\u00f3nias dispon\u00edveis j\u00e1 no in\u00edcio de abril permite oferec\u00ea-las em ocasi\u00f5es importantes agendadas antes da temporada natural, captando projetos que de outra forma teriam escolhido outras flores.<\/p>\n<\/div>\n<\/div><\/div><\/div><div class=\"fusion-layout-column fusion_builder_column fusion-builder-column-6 fusion_builder_column_1_1 1_1 fusion-flex-column\" style=\"--awb-bg-size:cover;--awb-width-large:100%;--awb-margin-top-large:0px;--awb-spacing-right-large:1.92%;--awb-margin-bottom-large:0px;--awb-spacing-left-large:1.92%;--awb-width-medium:100%;--awb-order-medium:0;--awb-spacing-right-medium:1.92%;--awb-spacing-left-medium:1.92%;--awb-width-small:100%;--awb-order-small:0;--awb-spacing-right-small:1.92%;--awb-spacing-left-small:1.92%;\"><div class=\"fusion-column-wrapper fusion-column-has-shadow fusion-flex-justify-content-flex-start fusion-content-layout-column\"><div class=\"fusion-text fusion-text-15\"><h3 class=\"text-xl font-bold mb-3 verdnatura-green\">5. Vantagem Competitiva nas Redes Sociais e Marketing<\/h3>\n<\/div><div class=\"fusion-text fusion-text-16\"><div class=\"grid grid-cols-1 md:grid-cols-2 gap-8\">\n<div class=\"benefit-card bg-white p-6 rounded-lg shadow-sm md:col-span-2\">\n<p class=\"text-gray-600\">Ser dos primeiros a mostrar pe\u00f3nias frescas nas redes sociais gera um impacto visual e emocional forte. Este conte\u00fado antecipado destaca-se da concorr\u00eancia e posiciona o neg\u00f3cio como inovador e de vanguarda no setor.<\/p>\n<\/div>\n<\/div>\n<div class=\"mt-12\">\n<div class=\"chart-container max-w-5xl mx-auto\"><\/div>\n<\/div>\n<\/div><div class=\"fusion-image-element \" style=\"text-align:center;--awb-aspect-ratio: 100 \/ 76;--awb-object-position:63% 64%;--awb-caption-title-font-family:var(--h2_typography-font-family);--awb-caption-title-font-weight:var(--h2_typography-font-weight);--awb-caption-title-font-style:var(--h2_typography-font-style);--awb-caption-title-size:var(--h2_typography-font-size);--awb-caption-title-transform:var(--h2_typography-text-transform);--awb-caption-title-line-height:var(--h2_typography-line-height);--awb-caption-title-letter-spacing:var(--h2_typography-letter-spacing);\"><span class=\" fusion-imageframe imageframe-none imageframe-4 hover-type-none has-aspect-ratio\" style=\"border-radius:7px;\"><img decoding=\"async\" width=\"1500\" height=\"1000\" title=\"Confecci\u00f3n florister\u00eda peon\u00edas\" src=\"https:\/\/verdnatura.es\/wp-content\/uploads\/2025\/04\/Confeccion-floristeria-peonias.webp\" data-orig-src=\"https:\/\/verdnatura.es\/wp-content\/uploads\/2025\/04\/Confeccion-floristeria-peonias.webp\" class=\"lazyload img-responsive wp-image-29695 img-with-aspect-ratio\" data-parent-fit=\"cover\" data-parent-container=\".fusion-image-element\" alt srcset=\"data:image\/svg+xml,%3Csvg%20xmlns%3D%27http%3A%2F%2Fwww.w3.org%2F2000%2Fsvg%27%20width%3D%271500%27%20height%3D%271000%27%20viewBox%3D%270%200%201500%201000%27%3E%3Crect%20width%3D%271500%27%20height%3D%271000%27%20fill-opacity%3D%220%22%2F%3E%3C%2Fsvg%3E\" data-srcset=\"https:\/\/verdnatura.es\/wp-content\/uploads\/2025\/04\/Confeccion-floristeria-peonias-200x133.webp 200w, https:\/\/verdnatura.es\/wp-content\/uploads\/2025\/04\/Confeccion-floristeria-peonias-400x267.webp 400w, https:\/\/verdnatura.es\/wp-content\/uploads\/2025\/04\/Confeccion-floristeria-peonias-600x400.webp 600w, https:\/\/verdnatura.es\/wp-content\/uploads\/2025\/04\/Confeccion-floristeria-peonias-800x533.webp 800w, https:\/\/verdnatura.es\/wp-content\/uploads\/2025\/04\/Confeccion-floristeria-peonias-1200x800.webp 1200w, https:\/\/verdnatura.es\/wp-content\/uploads\/2025\/04\/Confeccion-floristeria-peonias.webp 1500w\" data-sizes=\"auto\" data-orig-sizes=\"(max-width: 1024px) 100vw, (max-width: 640px) 100vw, 1500px\" \/><\/span><\/div><\/div><\/div><\/div><\/div><div class=\"fusion-fullwidth fullwidth-box fusion-builder-row-2 fusion-flex-container nonhundred-percent-fullwidth non-hundred-percent-height-scrolling\" style=\"--awb-border-radius-top-left:0px;--awb-border-radius-top-right:0px;--awb-border-radius-bottom-right:0px;--awb-border-radius-bottom-left:0px;--awb-padding-right:0px;--awb-padding-left:0px;--awb-padding-right-small:0px;--awb-padding-left-small:0px;--awb-flex-wrap:wrap;\" ><div class=\"fusion-builder-row fusion-row fusion-flex-align-items-flex-start fusion-flex-content-wrap\" style=\"max-width:1352px;margin-left: calc(-4% \/ 2 );margin-right: calc(-4% \/ 2 );\"><div class=\"fusion-layout-column fusion_builder_column fusion-builder-column-7 fusion_builder_column_1_1 1_1 fusion-flex-column\" style=\"--awb-bg-blend:overlay;--awb-bg-size:cover;--awb-width-large:100%;--awb-margin-top-large:0px;--awb-spacing-right-large:1.92%;--awb-margin-bottom-large:0px;--awb-spacing-left-large:1.92%;--awb-width-medium:100%;--awb-spacing-right-medium:1.92%;--awb-spacing-left-medium:1.92%;--awb-width-small:100%;--awb-spacing-right-small:1.92%;--awb-spacing-left-small:1.92%;\"><div class=\"fusion-column-wrapper fusion-flex-justify-content-flex-start fusion-content-layout-column\"><div class=\"fusion-separator fusion-full-width-sep\" style=\"align-self: center;margin-left: auto;margin-right: auto;margin-top:40px;margin-bottom:20px;width:100%;\"><div class=\"fusion-separator-border sep-single sep-solid\" style=\"--awb-height:20px;--awb-amount:20px;--awb-sep-color:var(--awb-color5);border-color:var(--awb-color5);border-top-width:3px;\"><\/div><\/div><div class=\"fusion-text fusion-text-17 fusion-text-no-margin\" style=\"--awb-margin-bottom:20px;\"><h2><strong>J\u00e1 dispon\u00edveis!<\/strong><\/h2>\n<\/div><div class=\"fusion-text fusion-text-18\"><p class=\"\" data-start=\"1532\" data-end=\"1701\">As pe\u00f3nias j\u00e1 chegaram! N\u00e3o demore a encomendar as suas.<\/p>\n<\/div><div ><a class=\"fusion-button button-flat fusion-button-default-size button-default fusion-button-default button-2 fusion-button-default-span fusion-button-default-type\" target=\"_blank\" rel=\"noopener noreferrer\" href=\"https:\/\/go.verdnatura.es\/peony-n\"><span class=\"fusion-button-text awb-button__text awb-button__text--default\">Ver Pe\u00f3nias<\/span><\/a><\/div><\/div><\/div><\/div><\/div><\/p>\n","protected":false},"featured_media":29831,"template":"","meta":{"_acf_changed":false},"class_list":["post-29716","novelty","type-novelty","status-publish","has-post-thumbnail","hentry"],"acf":[],"yoast_head":"<!-- This site is optimized with the Yoast SEO plugin v27.1.1 - https:\/\/yoast.com\/product\/yoast-seo-wordpress\/ -->\n<title>Adiantamos a Temporada das Pe\u00f3nias! - Verdnatura<\/title>\n<meta name=\"robots\" content=\"index, follow, max-snippet:-1, max-image-preview:large, max-video-preview:-1\" \/>\n<link rel=\"canonical\" href=\"https:\/\/verdnatura.es\/pt-pt\/novelty\/adiantamos-a-temporada-das-peonias\/\" \/>\n<meta property=\"og:locale\" content=\"pt_PT\" \/>\n<meta property=\"og:type\" content=\"article\" \/>\n<meta property=\"og:title\" content=\"Adiantamos a Temporada das Pe\u00f3nias! - Verdnatura\" \/>\n<meta property=\"og:url\" content=\"https:\/\/verdnatura.es\/pt-pt\/novelty\/adiantamos-a-temporada-das-peonias\/\" \/>\n<meta property=\"og:site_name\" content=\"Verdnatura\" \/>\n<meta property=\"article:publisher\" content=\"http:\/\/www.facebook.com\/verdnatura\" \/>\n<meta property=\"article:modified_time\" content=\"2025-04-11T09:10:08+00:00\" \/>\n<meta property=\"og:image\" content=\"https:\/\/verdnatura.es\/wp-content\/uploads\/2025\/04\/Peonias-Rojas-abundantes.jpg\" \/>\n\t<meta property=\"og:image:width\" content=\"6000\" \/>\n\t<meta property=\"og:image:height\" content=\"4000\" \/>\n\t<meta property=\"og:image:type\" content=\"image\/jpeg\" \/>\n<meta name=\"twitter:card\" content=\"summary_large_image\" \/>\n<meta name=\"twitter:label1\" content=\"Tempo estimado de leitura\" \/>\n\t<meta name=\"twitter:data1\" content=\"4 minutos\" \/>\n<script type=\"application\/ld+json\" class=\"yoast-schema-graph\">{\"@context\":\"https:\/\/schema.org\",\"@graph\":[{\"@type\":\"WebPage\",\"@id\":\"https:\/\/verdnatura.es\/pt-pt\/novelty\/adiantamos-a-temporada-das-peonias\/\",\"url\":\"https:\/\/verdnatura.es\/pt-pt\/novelty\/adiantamos-a-temporada-das-peonias\/\",\"name\":\"Adiantamos a Temporada das Pe\u00f3nias! - Verdnatura\",\"isPartOf\":{\"@id\":\"https:\/\/verdnatura.es\/pt-pt\/#website\"},\"primaryImageOfPage\":{\"@id\":\"https:\/\/verdnatura.es\/pt-pt\/novelty\/adiantamos-a-temporada-das-peonias\/#primaryimage\"},\"image\":{\"@id\":\"https:\/\/verdnatura.es\/pt-pt\/novelty\/adiantamos-a-temporada-das-peonias\/#primaryimage\"},\"thumbnailUrl\":\"https:\/\/verdnatura.es\/wp-content\/uploads\/2025\/04\/Peonias-Rojas-abundantes.jpg\",\"datePublished\":\"2025-04-09T15:05:38+00:00\",\"dateModified\":\"2025-04-11T09:10:08+00:00\",\"breadcrumb\":{\"@id\":\"https:\/\/verdnatura.es\/pt-pt\/novelty\/adiantamos-a-temporada-das-peonias\/#breadcrumb\"},\"inLanguage\":\"pt-PT\",\"potentialAction\":[{\"@type\":\"ReadAction\",\"target\":[\"https:\/\/verdnatura.es\/pt-pt\/novelty\/adiantamos-a-temporada-das-peonias\/\"]}]},{\"@type\":\"ImageObject\",\"inLanguage\":\"pt-PT\",\"@id\":\"https:\/\/verdnatura.es\/pt-pt\/novelty\/adiantamos-a-temporada-das-peonias\/#primaryimage\",\"url\":\"https:\/\/verdnatura.es\/wp-content\/uploads\/2025\/04\/Peonias-Rojas-abundantes.jpg\",\"contentUrl\":\"https:\/\/verdnatura.es\/wp-content\/uploads\/2025\/04\/Peonias-Rojas-abundantes.jpg\",\"width\":6000,\"height\":4000},{\"@type\":\"BreadcrumbList\",\"@id\":\"https:\/\/verdnatura.es\/pt-pt\/novelty\/adiantamos-a-temporada-das-peonias\/#breadcrumb\",\"itemListElement\":[{\"@type\":\"ListItem\",\"position\":1,\"name\":\"Portada\",\"item\":\"https:\/\/verdnatura.es\/pt-pt\/\"},{\"@type\":\"ListItem\",\"position\":2,\"name\":\"Novedades\",\"item\":\"https:\/\/verdnatura.es\/pt-pt\/novelties\/\"},{\"@type\":\"ListItem\",\"position\":3,\"name\":\"Adiantamos a Temporada das Pe\u00f3nias!\"}]},{\"@type\":\"WebSite\",\"@id\":\"https:\/\/verdnatura.es\/pt-pt\/#website\",\"url\":\"https:\/\/verdnatura.es\/pt-pt\/\",\"name\":\"Verdnatura\",\"description\":\"Mayorista de flores y plantas\",\"publisher\":{\"@id\":\"https:\/\/verdnatura.es\/pt-pt\/#organization\"},\"potentialAction\":[{\"@type\":\"SearchAction\",\"target\":{\"@type\":\"EntryPoint\",\"urlTemplate\":\"https:\/\/verdnatura.es\/pt-pt\/?s={search_term_string}\"},\"query-input\":{\"@type\":\"PropertyValueSpecification\",\"valueRequired\":true,\"valueName\":\"search_term_string\"}}],\"inLanguage\":\"pt-PT\"},{\"@type\":\"Organization\",\"@id\":\"https:\/\/verdnatura.es\/pt-pt\/#organization\",\"name\":\"Verdnatura Levante SL\",\"url\":\"https:\/\/verdnatura.es\/pt-pt\/\",\"logo\":{\"@type\":\"ImageObject\",\"inLanguage\":\"pt-PT\",\"@id\":\"https:\/\/verdnatura.es\/pt-pt\/#\/schema\/logo\/image\/\",\"url\":\"https:\/\/verdnatura.es\/wp-content\/uploads\/2023\/12\/Marca-sin-fondo.png\",\"contentUrl\":\"https:\/\/verdnatura.es\/wp-content\/uploads\/2023\/12\/Marca-sin-fondo.png\",\"width\":1000,\"height\":630,\"caption\":\"Verdnatura Levante SL\"},\"image\":{\"@id\":\"https:\/\/verdnatura.es\/pt-pt\/#\/schema\/logo\/image\/\"},\"sameAs\":[\"http:\/\/www.facebook.com\/verdnatura\",\"https:\/\/www.instagram.com\/verdnatura\",\"https:\/\/www.linkedin.com\/company\/verdnatura\"]}]}<\/script>\n<!-- \/ Yoast SEO plugin. -->","yoast_head_json":{"title":"Adiantamos a Temporada das Pe\u00f3nias! - Verdnatura","robots":{"index":"index","follow":"follow","max-snippet":"max-snippet:-1","max-image-preview":"max-image-preview:large","max-video-preview":"max-video-preview:-1"},"canonical":"https:\/\/verdnatura.es\/pt-pt\/novelty\/adiantamos-a-temporada-das-peonias\/","og_locale":"pt_PT","og_type":"article","og_title":"Adiantamos a Temporada das Pe\u00f3nias! - Verdnatura","og_url":"https:\/\/verdnatura.es\/pt-pt\/novelty\/adiantamos-a-temporada-das-peonias\/","og_site_name":"Verdnatura","article_publisher":"http:\/\/www.facebook.com\/verdnatura","article_modified_time":"2025-04-11T09:10:08+00:00","og_image":[{"width":6000,"height":4000,"url":"https:\/\/verdnatura.es\/wp-content\/uploads\/2025\/04\/Peonias-Rojas-abundantes.jpg","type":"image\/jpeg"}],"twitter_card":"summary_large_image","twitter_misc":{"Tempo estimado de leitura":"4 minutos"},"schema":{"@context":"https:\/\/schema.org","@graph":[{"@type":"WebPage","@id":"https:\/\/verdnatura.es\/pt-pt\/novelty\/adiantamos-a-temporada-das-peonias\/","url":"https:\/\/verdnatura.es\/pt-pt\/novelty\/adiantamos-a-temporada-das-peonias\/","name":"Adiantamos a Temporada das Pe\u00f3nias! - Verdnatura","isPartOf":{"@id":"https:\/\/verdnatura.es\/pt-pt\/#website"},"primaryImageOfPage":{"@id":"https:\/\/verdnatura.es\/pt-pt\/novelty\/adiantamos-a-temporada-das-peonias\/#primaryimage"},"image":{"@id":"https:\/\/verdnatura.es\/pt-pt\/novelty\/adiantamos-a-temporada-das-peonias\/#primaryimage"},"thumbnailUrl":"https:\/\/verdnatura.es\/wp-content\/uploads\/2025\/04\/Peonias-Rojas-abundantes.jpg","datePublished":"2025-04-09T15:05:38+00:00","dateModified":"2025-04-11T09:10:08+00:00","breadcrumb":{"@id":"https:\/\/verdnatura.es\/pt-pt\/novelty\/adiantamos-a-temporada-das-peonias\/#breadcrumb"},"inLanguage":"pt-PT","potentialAction":[{"@type":"ReadAction","target":["https:\/\/verdnatura.es\/pt-pt\/novelty\/adiantamos-a-temporada-das-peonias\/"]}]},{"@type":"ImageObject","inLanguage":"pt-PT","@id":"https:\/\/verdnatura.es\/pt-pt\/novelty\/adiantamos-a-temporada-das-peonias\/#primaryimage","url":"https:\/\/verdnatura.es\/wp-content\/uploads\/2025\/04\/Peonias-Rojas-abundantes.jpg","contentUrl":"https:\/\/verdnatura.es\/wp-content\/uploads\/2025\/04\/Peonias-Rojas-abundantes.jpg","width":6000,"height":4000},{"@type":"BreadcrumbList","@id":"https:\/\/verdnatura.es\/pt-pt\/novelty\/adiantamos-a-temporada-das-peonias\/#breadcrumb","itemListElement":[{"@type":"ListItem","position":1,"name":"Portada","item":"https:\/\/verdnatura.es\/pt-pt\/"},{"@type":"ListItem","position":2,"name":"Novedades","item":"https:\/\/verdnatura.es\/pt-pt\/novelties\/"},{"@type":"ListItem","position":3,"name":"Adiantamos a Temporada das Pe\u00f3nias!"}]},{"@type":"WebSite","@id":"https:\/\/verdnatura.es\/pt-pt\/#website","url":"https:\/\/verdnatura.es\/pt-pt\/","name":"Verdnatura","description":"Mayorista de flores y plantas","publisher":{"@id":"https:\/\/verdnatura.es\/pt-pt\/#organization"},"potentialAction":[{"@type":"SearchAction","target":{"@type":"EntryPoint","urlTemplate":"https:\/\/verdnatura.es\/pt-pt\/?s={search_term_string}"},"query-input":{"@type":"PropertyValueSpecification","valueRequired":true,"valueName":"search_term_string"}}],"inLanguage":"pt-PT"},{"@type":"Organization","@id":"https:\/\/verdnatura.es\/pt-pt\/#organization","name":"Verdnatura Levante SL","url":"https:\/\/verdnatura.es\/pt-pt\/","logo":{"@type":"ImageObject","inLanguage":"pt-PT","@id":"https:\/\/verdnatura.es\/pt-pt\/#\/schema\/logo\/image\/","url":"https:\/\/verdnatura.es\/wp-content\/uploads\/2023\/12\/Marca-sin-fondo.png","contentUrl":"https:\/\/verdnatura.es\/wp-content\/uploads\/2023\/12\/Marca-sin-fondo.png","width":1000,"height":630,"caption":"Verdnatura Levante SL"},"image":{"@id":"https:\/\/verdnatura.es\/pt-pt\/#\/schema\/logo\/image\/"},"sameAs":["http:\/\/www.facebook.com\/verdnatura","https:\/\/www.instagram.com\/verdnatura","https:\/\/www.linkedin.com\/company\/verdnatura"]}]}},"_links":{"self":[{"href":"https:\/\/verdnatura.es\/pt-pt\/wp-json\/wp\/v2\/novelty\/29716","targetHints":{"allow":["GET"]}}],"collection":[{"href":"https:\/\/verdnatura.es\/pt-pt\/wp-json\/wp\/v2\/novelty"}],"about":[{"href":"https:\/\/verdnatura.es\/pt-pt\/wp-json\/wp\/v2\/types\/novelty"}],"wp:featuredmedia":[{"embeddable":true,"href":"https:\/\/verdnatura.es\/pt-pt\/wp-json\/wp\/v2\/media\/29831"}],"wp:attachment":[{"href":"https:\/\/verdnatura.es\/pt-pt\/wp-json\/wp\/v2\/media?parent=29716"}],"curies":[{"name":"wp","href":"https:\/\/api.w.org\/{rel}","templated":true}]}}